{"id":3857,"date":"2025-01-15T22:51:41","date_gmt":"2025-01-15T22:51:41","guid":{"rendered":"https:\/\/travelonline.cl\/?page_id=3857"},"modified":"2025-01-17T17:48:24","modified_gmt":"2025-01-17T17:48:24","slug":"programa-detail-6-2-2","status":"publish","type":"page","link":"https:\/\/travelonline.cl\/?page_id=3857","title":{"rendered":"Circuito Roma Costa Azul Barcelona y Madrid"},"content":{"rendered":"<p>[et_pb_section fb_built=\u00bb1&#8243; fullwidth=\u00bbon\u00bb admin_label=\u00bbHero Section\u00bb _builder_version=\u00bb4.16&#8243; background_color=\u00bb#233b4e\u00bb parallax=\u00bbon\u00bb custom_padding=\u00bb0px|0px|0px|0px\u00bb global_colors_info=\u00bb{}\u00bb][et_pb_fullwidth_header title=\u00bbROMA, COSTA AZUL, BARCELONA Y MADRID\u00bb header_fullscreen=\u00bbon\u00bb button_one_text=\u00bbVer otro destino\u00bb button_one_url=\u00bbhttps:\/\/travelonline.cl\/?page_id=239&#8243; background_overlay_color=\u00bbrgba(29,38,51,0.86)\u00bb content_max_width=\u00bb700px\u00bb admin_label=\u00bbHero\u00bb _builder_version=\u00bb4.27.0&#8243; title_font=\u00bbOswald|on||on|\u00bb title_font_size=\u00bb80px\u00bb title_line_height=\u00bb1.3em\u00bb content_font=\u00bbRoboto||||\u00bb content_font_size=\u00bb20px\u00bb background_image=\u00bbhttps:\/\/travelonline.cl\/wp-content\/uploads\/2025\/01\/barcelona-2.png\u00bb parallax=\u00bbon\u00bb parallax_method=\u00bbon\u00bb custom_button_one=\u00bbon\u00bb button_one_border_radius=\u00bb0px\u00bb button_one_letter_spacing=\u00bb4px\u00bb button_one_font=\u00bbOswald|on||on|\u00bb button_one_icon=\u00bb&#x24;||divi||400&#8243; button_one_icon_color=\u00bb#ffffff\u00bb animation_style=\u00bbzoom\u00bb animation_direction=\u00bbbottom\u00bb animation_intensity_zoom=\u00bb4%\u00bb button_one_text_color_hover=\u00bb#ffffff\u00bb button_one_border_color_hover=\u00bb#ffffff\u00bb button_one_border_radius_hover=\u00bb0px\u00bb button_one_letter_spacing_hover=\u00bb4px\u00bb button_one_bg_color_hover=\u00bbrgba(0,0,0,0)\u00bb global_colors_info=\u00bb{}\u00bb button_one_text_size__hover_enabled=\u00bboff\u00bb button_two_text_size__hover_enabled=\u00bboff\u00bb button_one_text_color__hover_enabled=\u00bbon\u00bb button_one_text_color__hover=\u00bb#ffffff\u00bb button_two_text_color__hover_enabled=\u00bboff\u00bb button_one_border_width__hover_enabled=\u00bboff\u00bb button_two_border_width__hover_enabled=\u00bboff\u00bb button_one_border_color__hover_enabled=\u00bbon\u00bb button_one_border_color__hover=\u00bb#ffffff\u00bb button_two_border_color__hover_enabled=\u00bboff\u00bb button_one_border_radius__hover_enabled=\u00bbon\u00bb button_one_border_radius__hover=\u00bb0px\u00bb button_two_border_radius__hover_enabled=\u00bboff\u00bb button_one_letter_spacing__hover_enabled=\u00bbon\u00bb button_one_letter_spacing__hover=\u00bb4px\u00bb button_two_letter_spacing__hover_enabled=\u00bboff\u00bb button_one_bg_color__hover_enabled=\u00bbon\u00bb button_one_bg_color__hover=\u00bbrgba(0,0,0,0)\u00bb button_two_bg_color__hover_enabled=\u00bboff\u00bb]<\/p>\n<p style=\"text-align: justify;\">Recorre Europa con este emocionante programa visitando Roma, la deslumbrante Costa Azul, la vibrante Barcelona y la majestuosa Madrid. Disfruta de la historia, el arte y la gastronom\u00eda en cada ciudad, y vive la magia de sus paisajes y tradiciones.<\/p>\n<p>[\/et_pb_fullwidth_header][\/et_pb_section][et_pb_section fb_built=\u00bb1&#8243; _builder_version=\u00bb4.16&#8243; custom_padding=\u00bb110px||110px|\u00bb global_colors_info=\u00bb{}\u00bb][et_pb_row column_structure=\u00bb1_2,1_2&#8243; _builder_version=\u00bb4.16&#8243; global_colors_info=\u00bb{}\u00bb][et_pb_column type=\u00bb1_2&#8243; _builder_version=\u00bb4.16&#8243; custom_padding=\u00bb|||\u00bb global_colors_info=\u00bb{}\u00bb custom_padding__hover=\u00bb|||\u00bb][et_pb_text admin_label=\u00bbDiscover Beatuty Sub Title\u00bb _builder_version=\u00bb4.26.0&#8243; text_font=\u00bbRoboto||||\u00bb text_text_color=\u00bb#1a1a1a\u00bb text_font_size=\u00bb24px\u00bb text_line_height=\u00bb1.4em\u00bb animation_style=\u00bbslide\u00bb animation_direction=\u00bbtop\u00bb animation_intensity_slide=\u00bb10%\u00bb global_colors_info=\u00bb{}\u00bb]<\/p>\n<p>\u00bfQu\u00e9 incluye?<\/p>\n<p>[\/et_pb_text][et_pb_divider color=\u00bb#0C71C3&#8243; divider_position=\u00bbcenter\u00bb divider_weight=\u00bb3px\u00bb disabled_on=\u00bboff|off|off\u00bb _builder_version=\u00bb4.26.0&#8243; max_width=\u00bb150px\u00bb height=\u00bbfalse\u00bb animation_style=\u00bbslide\u00bb animation_direction=\u00bbtop\u00bb animation_delay=\u00bb100ms\u00bb animation_intensity_slide=\u00bb10%\u00bb global_colors_info=\u00bb{}\u00bb][\/et_pb_divider][et_pb_text admin_label=\u00bbDiscover Beatuty Text\u00bb _builder_version=\u00bb4.27.0&#8243; text_font=\u00bbRoboto||||\u00bb text_font_size=\u00bb16px\u00bb text_line_height=\u00bb1.9em\u00bb custom_padding=\u00bb30px||0px|||\u00bb animation_style=\u00bbslide\u00bb animation_direction=\u00bbtop\u00bb animation_delay=\u00bb200ms\u00bb animation_intensity_slide=\u00bb10%\u00bb global_colors_info=\u00bb{}\u00bb]<\/p>\n<p style=\"text-align: justify;\"><span style=\"color: #0c71c3;\"><em><strong>\u00a0D\u00eda 1: CIUDAD DE ORIGEN &#8211; ROMA<\/strong><\/em><\/span><\/p>\n<p style=\"text-align: justify;\"><span style=\"font-weight: 400;\">Llegada a Roma y traslado al hotel. Por la noche te recomendamos la opcional \u201cRoma nocturna\u201d, en la que podr\u00e1s recorrer algunos de los lugares m\u00e1s caracter\u00edsticos de esta milenaria ciudad, y conocer sus plazas m\u00e1s emblem\u00e1ticas y sus fuentes m\u00e1s representativas, como la Piazza Navona con la Fuente de los Cuatro R\u00edos, la Fontana de Trevi, etc (incluida en categor\u00eda Selecci\u00f3n-Vi). Alojamiento.<\/span><\/p>\n<p style=\"text-align: justify;\"><span style=\"color: #0c71c3;\"><em><strong>D\u00eda 2: ROMA<\/strong><\/em><\/span><\/p>\n<p style=\"text-align: justify;\"><span style=\"font-weight: 400;\">Desayuno. Hoy tendr\u00e1s parte de la ma\u00f1ana libre. Te recomendamos la excursi\u00f3n opcional a los Museos Vaticanos, la Capilla Sixtina y la Bas\u00edlica de San Pedro, seguramente uno de los motivos de tu viaje, porque podr\u00e1s disfrutar de algunas de las grandes obras del arte universal (incluida en categor\u00eda Selecci\u00f3n-Vi\/ siempre y cuando sea adquirida en origen). Saldremos hacia el Estado de la Ciudad del Vaticano, el m\u00e1s peque\u00f1o del mundo, centro espiritual y administrativo de la iglesia cat\u00f3lica. Visitaremos los Museos del Vaticano, uno de los museos m\u00e1s importantes del mundo; la plaza de San Pedro; la Bas\u00edlica de San Pedro, en la que podremos admirar la escultura de \u201cLa Piet\u00e1\u201d y que se encuentra dominada desde lo alto por la grandiosa y sugestiva c\u00fapula de Miguel \u00c1ngel; y la Capilla Sixtina, donde podremos observar los majestuosos \u201cfrescos\u201d del techo de la b\u00f3veda de ca\u00f1\u00f3n y el \u201cJuicio Final\u201d. A continuaci\u00f3n, realizaremos una visita panor\u00e1mica de Roma, durante la cual recorreremos zonas emblem\u00e1ticas como la Ciudad del Vaticano, Castel Sant&amp;#39;Angelo, el Lungotevere, la Isla Tiberina, la Porta Portese, la Boca de la Verdad, etc., y veremos algunos de sus grandiosos monumentos como el Circo M\u00e1ximo, las Termas de Caracalla, la Pir\u00e1mide Cestia, la Colina del Celio, las Bas\u00edlicas de San Juan de Letr\u00e1n y Santa Mar\u00eda la Mayor (exteriores), la Estaci\u00f3n Termini, la Plaza de la Rep\u00fablica, la V\u00eda Veneto y Villa Borghese, entre otros. Resto del d\u00eda libre. Te recomendamos realizar la excursi\u00f3n opcional \u201cRoma Antigua\u201d, en la que acompa\u00f1ado de nuestro gu\u00eda local viajar\u00e1s en el tiempo hasta la Roma Imperial, conociendo alguno de los lugares m\u00e1s representativos de esa \u00e9poca. Alojamiento.<\/span><\/p>\n<p style=\"text-align: justify;\"><span style=\"color: #0c71c3;\"><em><strong>D\u00eda 3: ROMA<\/strong><\/em><\/span><\/p>\n<p style=\"text-align: justify;\"><span style=\"font-weight: 400;\">Desayuno. D\u00eda libre. Si lo deseas, tendr\u00e1s la posibilidad de realizar la excursi\u00f3n opcional de d\u00eda completo \u201cN\u00e1poles, Pompeya y Capri\u201d. Nos dirigiremos a la regi\u00f3n de Campania, en la que visitaremos Pompeya y los magn\u00edficos restos arqueol\u00f3gicos de esta ciudad romana, parada en el tiempo por la erupci\u00f3n del Vesubio en el a\u00f1o 79 d.C. Seguiremos en direcci\u00f3n a N\u00e1poles, capital de la regi\u00f3n, para tomar un barco que nos llevar\u00e1 a Capri, paradis\u00edaca y exclusiva isla, lugar deseado por emperadores y reyes en la antig\u00fcedad, refugio de privilegiados y uno de los lugares con m\u00e1s encanto del mundo con Marina Grande, los farallones, las grutas, etc. Llegada a la isla. Si las condiciones clim\u00e1ticas lo permiten, daremos un paseo en lancha. Despu\u00e9s subiremos hasta la peque\u00f1a ciudad para realizar una visita, recorriendo sus elegantes calles y plazas. Por \u00faltimo, embarcaremos hacia N\u00e1poles para continuar nuestro camino hacia Roma. Alojamiento. *La excursi\u00f3n \u201cN\u00e1poles, Pompeya y Capri\u201d ser\u00e1 sustituida por la excursi\u00f3n \u201cPompeya y N\u00e1poles\u201d, desde el 1 de noviembre de 2025 al 31 de marzo de 2026. Asimismo, en el resto de la temporada la visita a Capri puede ser cancelada por condiciones climatol\u00f3gicas adversas o por la operativa<br \/>naviera.<\/span><\/p>\n<p style=\"text-align: justify;\"><span style=\"color: #0c71c3;\"><em><strong>D\u00eda 4: ROMA &#8211; PISA &#8211; COSTA AZUL<\/strong><\/em><\/span><\/p>\n<p style=\"text-align: justify;\"><span style=\"font-weight: 400;\">Desayuno. Salida hacia Pisa, la cuna de Galileo, donde tendremos tiempo libre para contemplar la maravillosa Plaza de los Milagros, un impresionante conjunto monumental que es el testimonio de su esplendoroso pasado como potencia mar\u00edtima, donde se encuentran el baptisterio, la catedral y la famosa Torre Inclinada. Continuaci\u00f3n hacia la Costa Azul, cita actual de la alta sociedad europea.<br \/>Tiempo libre o, si lo deseas, podr\u00e1s realizar una excursi\u00f3n opcional al Principado de M\u00f3naco, donde conoceremos Montecarlo, con tiempo libre para visitar su Casino o tomar algo en el Caf\u00e9 de Par\u00eds. Tambi\u00e9n visitaremos M\u00f3naco, paseando por sus calles hasta llegar a la plaza del palacio de la familia Grimaldi, desde cuyo mirador tendremos unas espl\u00e9ndidas vistas sobre la bah\u00eda. Regreso a nuestro hotel en la Costa Azul. Alojamiento.<\/span><\/p>\n<p style=\"text-align: justify;\"><span style=\"color: #0c71c3;\"><em><strong>D\u00eda 5: COSTA AZUL &#8211; BARCELONA<\/strong><\/em><\/span><\/p>\n<p style=\"text-align: justify;\"><span style=\"font-weight: 400;\">Desayuno. Salida del hotel, atravesaremos las regiones de la Provenza y el Languedoc hasta llegar a Barcelona, sin duda, una de las m\u00e1s bellas ciudades de Espa\u00f1a y uno de los principales puertos de Europa. Una visita panor\u00e1mica nos guiar\u00e1 por los lugares m\u00e1s emblem\u00e1ticos de la ciudad. Comenzaremos la visita en el Recinto ferial construido para la exposici\u00f3n Universal de 1929, donde est\u00e1n la Plaza de Espa\u00f1a y las Torres Venecianas. Continuaremos hacia el Anillo Ol\u00edmpico donde veremos las principales instalaciones utilizadas en los juegos de 1992. Despu\u00e9s recorreremos el frente mar\u00edtimo, con el Monumento a Col\u00f3n; pasaremos por el Barrio G\u00f3tico, por la plaza Catalu\u00f1a y el Paseo de Gracia, avenida m\u00e1s elegante de la ciudad, donde se encuentran algunos de los mejores ejemplos de la arquitectura modernista y tambi\u00e9n dos de las casas que Gaud\u00ed dise\u00f1\u00f3 para adineradas familias de principios de siglo XX: la Casa Batll\u00f3 y la Casa Mil\u00e1. Finalmente llegaremos a la Sagrada Familia, s\u00edmbolo de Barcelona y obra maestra, aunque inacabada, del genial Antonio Gaud\u00ed. Daremos un paseo exterior para contemplar los detalles de esta aut\u00e9ntica Biblia de piedra. Alojamiento.<\/span><\/p>\n<p style=\"text-align: justify;\"><span style=\"color: #0c71c3;\"><em><strong>D\u00eda 6: BARCELONA- ZARAGOZA- MADRID<\/strong><\/em><\/span><\/p>\n<p style=\"text-align: justify;\"><span style=\"font-weight: 400;\">Desayuno. Salida hacia Zaragoza, donde tendremos tiempo libre para visitar la Bas\u00edlica del Pilar, el mayor templo barroco de Espa\u00f1a e importante centro de peregrinaci\u00f3n mariana, en la que destacan en su interior los frescos de grandes artistas como Goya y Francisco Bayeu, entre otros. Continuaci\u00f3n a Madrid. Tiempo libre para un primer contacto con esta bella ciudad, disfrutar de su gente o tomarse un descanso en algunas de las numerosas terrazas que salpican la ciudad. Por la noche, si lo deseas, podr\u00e1s dar un agradable paseo opcional por los lugares m\u00e1s emblem\u00e1ticos de la ciudad, teniendo la oportunidad de adentrarte en la animada vida nocturna madrile\u00f1a. Durante el recorrido estar\u00e1 incluida una degustaci\u00f3n de tapas t\u00edpicas en las proximidades de la Plaza Mayor (incluida en categor\u00eda Selecci\u00f3n-Vi). Alojamiento.<\/span><\/p>\n<p style=\"text-align: justify;\"><span style=\"color: #0c71c3;\"><em><strong>D\u00eda 7: MADRID<\/strong><\/em><\/span><\/p>\n<p style=\"text-align: justify;\"><span style=\"font-weight: 400;\">Desayuno. Saldremos del hotel para hacer una visita panor\u00e1mica, en la que conoceremos los edificios y monumentos m\u00e1s caracter\u00edsticos de la capital de Espa\u00f1a como: las plazas de Cibeles, Espa\u00f1a y Neptuno, la Puerta del Sol, la Gran V\u00eda, la calle Mayor, la fachada de la plaza de toros de Las Ventas, la calle Alcal\u00e1 y los Paseos del Prado y la Castellana, entre otros. Tendr\u00e1s el resto del d\u00eda libre para explorar esta maravillosa ciudad. Si lo deseas, podr\u00e1s unirte a la excursi\u00f3n opcional a<br \/>Toledo, declarada Patrimonio de la Humanidad por la Unesco, cuya riqueza cultural viene marcada por la ejemplar convivencia que existi\u00f3 en esta ciudad entre las civilizaciones cristiana, hebrea y musulmana. Realizaremos un recorrido en autob\u00fas por el per\u00edmetro de la ciudad, desde el que tendremos una espl\u00e9ndida vista general de su patrimonio art\u00edstico. Despu\u00e9s pasearemos por sus callejuelas y plazas m\u00e1s emblem\u00e1ticas, incluyendo la entrada al interior de la Catedral, considerada como una de las otras maestras del arte espa\u00f1ol. Regreso al hotel. Como broche de oro de este d\u00eda, por la noche, podr\u00e1s asistir opcionalmente a un tablao flamenco donde conoceremos las ra\u00edces musicales del arte espa\u00f1ol (incluida en categor\u00eda Selecci\u00f3n-Vi). Alojamiento.<\/span><\/p>\n<p style=\"text-align: justify;\"><span style=\"color: #0c71c3;\"><em><strong>D\u00eda 8: MADRID &#8211; CIUDAD DE ORIGEN<\/strong><\/em><\/span><\/p>\n<p style=\"text-align: justify;\"><span style=\"font-weight: 400;\">Desayuno. Desayuno. Tiempo libre hasta la hora que se indique el traslado al aeropuerto para tomar el vuelo a su ciudad de destino. Fin de nuestros servicios.<\/span><\/p>\n<p style=\"text-align: justify;\"><span style=\"font-weight: 400;\"><span style=\"color: #0c71c3;\"><em><strong><\/strong><\/em><\/span><\/span><\/p>\n<p style=\"text-align: justify;\">\n<p>&nbsp;<\/p>\n<p style=\"text-align: justify;\"><span style=\"font-weight: 400;\"><span style=\"color: #0c71c3;\"><em><strong><\/strong><\/em><\/span><\/span><\/p>\n<p style=\"text-align: justify;\">\n<p>[\/et_pb_text][\/et_pb_column][et_pb_column type=\u00bb1_2&#8243; _builder_version=\u00bb4.16&#8243; custom_padding=\u00bb|||\u00bb global_colors_info=\u00bb{}\u00bb custom_padding__hover=\u00bb|||\u00bb][et_pb_text admin_label=\u00bbDiscover Beatuty Title\u00bb _builder_version=\u00bb4.16&#8243; text_font=\u00bb||||\u00bb text_text_color=\u00bb#1a1a1a\u00bb header_font=\u00bbOswald|on||on|\u00bb header_text_align=\u00bbright\u00bb header_font_size=\u00bb60px\u00bb header_line_height=\u00bb1.3em\u00bb animation_style=\u00bbslide\u00bb animation_direction=\u00bbtop\u00bb animation_intensity_slide=\u00bb10%\u00bb global_colors_info=\u00bb{}\u00bb]<\/p>\n<h1>ITINERARIO<\/h1>\n<p>[\/et_pb_text][et_pb_image title_text=\u00bbHistoria de Instagram gu\u00eda viaje roma turismo simple (39)\u00bb force_fullwidth=\u00bbon\u00bb align_tablet=\u00bbcenter\u00bb align_phone=\u00bbcenter\u00bb align_last_edited=\u00bbon|desktop\u00bb _builder_version=\u00bb4.27.0&#8243; custom_margin=\u00bb90px|||\u00bb animation_style=\u00bbfold\u00bb animation_direction=\u00bbright\u00bb animation_intensity_fold=\u00bb20%\u00bb hover_enabled=\u00bb0&#8243; animation=\u00bbfade_in\u00bb global_colors_info=\u00bb{}\u00bb src=\u00bbhttps:\/\/travelonline.cl\/wp-content\/uploads\/2025\/01\/Historia-de-Instagram-guia-viaje-roma-turismo-simple-39.png\u00bb sticky_enabled=\u00bb0&#8243;][\/et_pb_image][et_pb_image title_text=\u00bbHistoria de Instagram gu\u00eda viaje roma turismo simple (88)\u00bb force_fullwidth=\u00bbon\u00bb align_tablet=\u00bbcenter\u00bb align_phone=\u00bbcenter\u00bb align_last_edited=\u00bbon|desktop\u00bb _builder_version=\u00bb4.27.0&#8243; custom_margin=\u00bb90px|||\u00bb animation_style=\u00bbfold\u00bb animation_direction=\u00bbleft\u00bb animation_intensity_fold=\u00bb20%\u00bb hover_enabled=\u00bb0&#8243; animation=\u00bbfade_in\u00bb global_colors_info=\u00bb{}\u00bb src=\u00bbhttps:\/\/travelonline.cl\/wp-content\/uploads\/2025\/01\/Historia-de-Instagram-guia-viaje-roma-turismo-simple-88.png\u00bb sticky_enabled=\u00bb0&#8243;][\/et_pb_image][et_pb_image title_text=\u00bbHistoria de Instagram gu\u00eda viaje roma turismo simple (40)\u00bb force_fullwidth=\u00bbon\u00bb align_tablet=\u00bbcenter\u00bb align_phone=\u00bbcenter\u00bb align_last_edited=\u00bbon|desktop\u00bb _builder_version=\u00bb4.27.0&#8243; custom_margin=\u00bb90px|||\u00bb animation_style=\u00bbfold\u00bb animation_direction=\u00bbleft\u00bb animation_intensity_fold=\u00bb20%\u00bb hover_enabled=\u00bb0&#8243; animation=\u00bbfade_in\u00bb global_colors_info=\u00bb{}\u00bb src=\u00bbhttps:\/\/travelonline.cl\/wp-content\/uploads\/2025\/01\/Historia-de-Instagram-guia-viaje-roma-turismo-simple-40.png\u00bb sticky_enabled=\u00bb0&#8243;][\/et_pb_image][et_pb_image title_text=\u00bbHistoria de Instagram gu\u00eda viaje roma turismo simple (41)\u00bb force_fullwidth=\u00bbon\u00bb align_tablet=\u00bbcenter\u00bb align_phone=\u00bbcenter\u00bb align_last_edited=\u00bbon|desktop\u00bb _builder_version=\u00bb4.27.0&#8243; custom_margin=\u00bb90px|||\u00bb animation_style=\u00bbfold\u00bb animation_direction=\u00bbleft\u00bb animation_intensity_fold=\u00bb20%\u00bb hover_enabled=\u00bb0&#8243; animation=\u00bbfade_in\u00bb global_colors_info=\u00bb{}\u00bb src=\u00bbhttps:\/\/travelonline.cl\/wp-content\/uploads\/2025\/01\/Historia-de-Instagram-guia-viaje-roma-turismo-simple-41.png\u00bb sticky_enabled=\u00bb0&#8243;][\/et_pb_image][\/et_pb_column][\/et_pb_row][et_pb_row column_structure=\u00bb1_4,1_4,1_4,1_4&#8243; use_custom_gutter=\u00bbon\u00bb gutter_width=\u00bb1&#8243; make_equal=\u00bbon\u00bb admin_label=\u00bbGallery\u00bb module_class=\u00bb et_pb_row_fullwidth\u00bb _builder_version=\u00bb4.16&#8243; width=\u00bb100%\u00bb width_tablet=\u00bb100%\u00bb width_phone=\u00bb100%\u00bb width_last_edited=\u00bbon|desktop\u00bb max_width=\u00bb100%\u00bb max_width_tablet=\u00bb100%\u00bb max_width_phone=\u00bb100%\u00bb max_width_last_edited=\u00bbon|desktop\u00bb custom_padding=\u00bb|||\u00bb make_fullwidth=\u00bbon\u00bb global_colors_info=\u00bb{}\u00bb][et_pb_column type=\u00bb1_4&#8243; _builder_version=\u00bb4.16&#8243; custom_padding=\u00bb|||\u00bb global_colors_info=\u00bb{}\u00bb custom_padding__hover=\u00bb|||\u00bb][et_pb_image src=\u00bbhttps:\/\/travelonline.cl\/wp-content\/uploads\/2025\/01\/roma.png\u00bb title_text=\u00bbroma\u00bb show_in_lightbox=\u00bbon\u00bb force_fullwidth=\u00bbon\u00bb align_tablet=\u00bbcenter\u00bb align_phone=\u00bbcenter\u00bb align_last_edited=\u00bbon|desktop\u00bb _builder_version=\u00bb4.27.0&#8243; min_height=\u00bb572.9px\u00bb custom_padding=\u00bb||60px|||\u00bb animation_style=\u00bbzoom\u00bb animation_intensity_zoom=\u00bb10%\u00bb global_colors_info=\u00bb{}\u00bb][\/et_pb_image][\/et_pb_column][et_pb_column type=\u00bb1_4&#8243; _builder_version=\u00bb4.16&#8243; custom_padding=\u00bb|||\u00bb global_colors_info=\u00bb{}\u00bb custom_padding__hover=\u00bb|||\u00bb][et_pb_image src=\u00bbhttps:\/\/travelonline.cl\/wp-content\/uploads\/2025\/01\/Barcelona.png\u00bb title_text=\u00bbBarcelona\u00bb show_in_lightbox=\u00bbon\u00bb force_fullwidth=\u00bbon\u00bb align_tablet=\u00bbcenter\u00bb align_phone=\u00bbcenter\u00bb align_last_edited=\u00bbon|desktop\u00bb _builder_version=\u00bb4.27.0&#8243; min_height=\u00bb572.5px\u00bb animation_style=\u00bbzoom\u00bb animation_delay=\u00bb100ms\u00bb animation_intensity_zoom=\u00bb10%\u00bb locked=\u00bboff\u00bb global_colors_info=\u00bb{}\u00bb][\/et_pb_image][\/et_pb_column][et_pb_column type=\u00bb1_4&#8243; _builder_version=\u00bb4.16&#8243; custom_padding=\u00bb|||\u00bb global_colors_info=\u00bb{}\u00bb custom_padding__hover=\u00bb|||\u00bb][et_pb_image src=\u00bbhttps:\/\/travelonline.cl\/wp-content\/uploads\/2025\/01\/Costa-Azul.png\u00bb title_text=\u00bbCosta Azul\u00bb show_in_lightbox=\u00bbon\u00bb force_fullwidth=\u00bbon\u00bb align_tablet=\u00bbcenter\u00bb align_phone=\u00bbcenter\u00bb align_last_edited=\u00bbon|desktop\u00bb _builder_version=\u00bb4.27.0&#8243; min_height=\u00bb572.8px\u00bb animation_style=\u00bbzoom\u00bb animation_delay=\u00bb200ms\u00bb animation_intensity_zoom=\u00bb10%\u00bb locked=\u00bboff\u00bb global_colors_info=\u00bb{}\u00bb][\/et_pb_image][\/et_pb_column][et_pb_column type=\u00bb1_4&#8243; _builder_version=\u00bb4.16&#8243; custom_padding=\u00bb|||\u00bb global_colors_info=\u00bb{}\u00bb custom_padding__hover=\u00bb|||\u00bb][et_pb_image src=\u00bbhttps:\/\/travelonline.cl\/wp-content\/uploads\/2025\/01\/Madrid-1.png\u00bb title_text=\u00bbMadrid\u00bb show_in_lightbox=\u00bbon\u00bb force_fullwidth=\u00bbon\u00bb align_tablet=\u00bbcenter\u00bb align_phone=\u00bbcenter\u00bb align_last_edited=\u00bbon|desktop\u00bb _builder_version=\u00bb4.27.0&#8243; min_height=\u00bb571.9px\u00bb animation_style=\u00bbzoom\u00bb animation_delay=\u00bb300ms\u00bb animation_intensity_zoom=\u00bb10%\u00bb locked=\u00bboff\u00bb global_colors_info=\u00bb{}\u00bb][\/et_pb_image][\/et_pb_column][\/et_pb_row][et_pb_row _builder_version=\u00bb4.16&#8243; custom_padding=\u00bb27px|||||\u00bb locked=\u00bboff\u00bb global_colors_info=\u00bb{}\u00bb][et_pb_column type=\u00bb4_4&#8243; _builder_version=\u00bb4.16&#8243; custom_padding=\u00bb|||\u00bb global_colors_info=\u00bb{}\u00bb custom_padding__hover=\u00bb|||\u00bb][et_pb_text admin_label=\u00bbVideo Title\u00bb _builder_version=\u00bb4.16&#8243; text_font=\u00bb||||\u00bb text_text_color=\u00bb#1a1a1a\u00bb header_font=\u00bbOswald|on||on|\u00bb header_text_align=\u00bbcenter\u00bb header_font_size=\u00bb60px\u00bb header_line_height=\u00bb1.3em\u00bb module_alignment=\u00bbcenter\u00bb custom_margin=\u00bb|||\u00bb custom_padding=\u00bb|||\u00bb animation_style=\u00bbslide\u00bb animation_direction=\u00bbtop\u00bb animation_intensity_slide=\u00bb10%\u00bb locked=\u00bboff\u00bb global_colors_info=\u00bb{}\u00bb]<\/p>\n<h1>HAZ EL RECORRIDO CON NUESTRO VIDEO<\/h1>\n<p>[\/et_pb_text][et_pb_divider color=\u00bb#0C71C3&#8243; divider_position=\u00bbcenter\u00bb divider_weight=\u00bb3px\u00bb disabled_on=\u00bboff|off|off\u00bb _builder_version=\u00bb4.26.0&#8243; max_width=\u00bb150px\u00bb module_alignment=\u00bbcenter\u00bb height=\u00bbfalse\u00bb custom_margin=\u00bb30px|||\u00bb animation_style=\u00bbslide\u00bb animation_direction=\u00bbtop\u00bb animation_delay=\u00bb100ms\u00bb animation_intensity_slide=\u00bb10%\u00bb locked=\u00bboff\u00bb global_colors_info=\u00bb{}\u00bb][\/et_pb_divider][et_pb_text admin_label=\u00bbVideo Sub Title\u00bb _builder_version=\u00bb4.16&#8243; text_font=\u00bbRoboto||||\u00bb text_text_color=\u00bb#1a1a1a\u00bb text_font_size=\u00bb24px\u00bb text_line_height=\u00bb1.4em\u00bb text_orientation=\u00bbcenter\u00bb max_width=\u00bb800px\u00bb module_alignment=\u00bbcenter\u00bb custom_margin=\u00bb|||\u00bb custom_padding=\u00bb30px|||\u00bb animation_style=\u00bbslide\u00bb animation_direction=\u00bbtop\u00bb animation_delay=\u00bb200ms\u00bb animation_intensity_slide=\u00bb10%\u00bb locked=\u00bboff\u00bb global_colors_info=\u00bb{}\u00bb]<\/p>\n<p><span>Invol\u00facrate con el destino, vive la experiencia desde nuestra \u00f3ptica.<\/span><\/p>\n<p>[\/et_pb_text][\/et_pb_column][\/et_pb_row][et_pb_row _builder_version=\u00bb4.16&#8243; max_width=\u00bb1280px\u00bb use_custom_width=\u00bbon\u00bb custom_width_px=\u00bb1280px\u00bb global_colors_info=\u00bb{}\u00bb][et_pb_column type=\u00bb4_4&#8243; _builder_version=\u00bb4.16&#8243; custom_padding=\u00bb|||\u00bb global_colors_info=\u00bb{}\u00bb custom_padding__hover=\u00bb|||\u00bb][et_pb_video src=\u00bbhttps:\/\/travelonline.cl\/wp-content\/uploads\/2024\/08\/Irlanda.mp4&#8243; image_src=\u00bbhttps:\/\/travelonline.cl\/wp-content\/uploads\/2024\/07\/video-cover-01.jpg\u00bb play_icon_color=\u00bb#ffffff\u00bb admin_label=\u00bbVideo\u00bb _builder_version=\u00bb4.27.0&#8243; animation_style=\u00bbzoom\u00bb animation_direction=\u00bbbottom\u00bb animation_intensity_zoom=\u00bb6%\u00bb global_colors_info=\u00bb{}\u00bb][\/et_pb_video][\/et_pb_column][\/et_pb_row][\/et_pb_section][et_pb_section fb_built=\u00bb1&#8243; admin_label=\u00bbOur Guides\u00bb _builder_version=\u00bb4.16&#8243; custom_padding=\u00bb110px||110px|\u00bb global_colors_info=\u00bb{}\u00bb][et_pb_row _builder_version=\u00bb4.16&#8243; global_colors_info=\u00bb{}\u00bb][et_pb_column type=\u00bb4_4&#8243; _builder_version=\u00bb4.16&#8243; custom_padding=\u00bb|||\u00bb global_colors_info=\u00bb{}\u00bb custom_padding__hover=\u00bb|||\u00bb][et_pb_text admin_label=\u00bbTeam Title\u00bb _builder_version=\u00bb4.16&#8243; text_font=\u00bb||||\u00bb text_text_color=\u00bb#1a1a1a\u00bb header_font=\u00bbOswald|on||on|\u00bb header_text_align=\u00bbcenter\u00bb header_font_size=\u00bb60px\u00bb header_line_height=\u00bb1.3em\u00bb module_alignment=\u00bbcenter\u00bb custom_margin=\u00bb|||\u00bb custom_padding=\u00bb|||\u00bb animation_style=\u00bbslide\u00bb animation_direction=\u00bbtop\u00bb animation_intensity_slide=\u00bb10%\u00bb locked=\u00bboff\u00bb global_colors_info=\u00bb{}\u00bb]<\/p>\n<h1>DATOS IMPORTANTES<\/h1>\n<p>[\/et_pb_text][et_pb_divider color=\u00bb#0C71C3&#8243; divider_position=\u00bbcenter\u00bb divider_weight=\u00bb3px\u00bb disabled_on=\u00bboff|off|off\u00bb _builder_version=\u00bb4.26.0&#8243; max_width=\u00bb150px\u00bb module_alignment=\u00bbcenter\u00bb height=\u00bbfalse\u00bb custom_margin=\u00bb30px|||\u00bb animation_style=\u00bbslide\u00bb animation_direction=\u00bbtop\u00bb animation_delay=\u00bb100ms\u00bb animation_intensity_slide=\u00bb10%\u00bb locked=\u00bboff\u00bb global_colors_info=\u00bb{}\u00bb][\/et_pb_divider][et_pb_text admin_label=\u00bbTeam Sub Title\u00bb _builder_version=\u00bb4.16&#8243; text_font=\u00bbRoboto||||\u00bb text_text_color=\u00bb#1a1a1a\u00bb text_font_size=\u00bb24px\u00bb text_line_height=\u00bb1.4em\u00bb text_orientation=\u00bbcenter\u00bb max_width=\u00bb800px\u00bb module_alignment=\u00bbcenter\u00bb custom_margin=\u00bb|||\u00bb custom_padding=\u00bb30px|||\u00bb animation_style=\u00bbslide\u00bb animation_direction=\u00bbtop\u00bb animation_delay=\u00bb200ms\u00bb animation_intensity_slide=\u00bb10%\u00bb locked=\u00bboff\u00bb global_colors_info=\u00bb{}\u00bb]<\/p>\n<p><span>No olvides consultar los siguientes datos relevantes antes de tu viaje.\u00a0<\/span><\/p>\n<p>[\/et_pb_text][\/et_pb_column][\/et_pb_row][et_pb_row column_structure=\u00bb1_3,1_3,1_3&#8243; _builder_version=\u00bb4.16&#8243; custom_padding=\u00bb40px|0px|40px|0px\u00bb global_colors_info=\u00bb{}\u00bb][et_pb_column type=\u00bb1_3&#8243; _builder_version=\u00bb4.16&#8243; custom_padding=\u00bb|||\u00bb global_colors_info=\u00bb{}\u00bb custom_padding__hover=\u00bb|||\u00bb][et_pb_blurb title=\u00bbSeguro de viaje\u00bb image=\u00bbhttps:\/\/travelonline.cl\/wp-content\/uploads\/2024\/07\/SEGURO-DE-VIAJE.png\u00bb _builder_version=\u00bb4.26.0&#8243; header_font=\u00bbOswald|on||on|\u00bb header_font_size=\u00bb24px\u00bb body_font=\u00bbRoboto||||\u00bb body_text_color=\u00bbrgba(0,0,0,0.38)\u00bb body_font_size=\u00bb16px\u00bb text_orientation=\u00bbcenter\u00bb animation_style=\u00bbzoom\u00bb animation_intensity_zoom=\u00bb10%\u00bb locked=\u00bboff\u00bb global_colors_info=\u00bb{}\u00bb]<\/p>\n<p><em><strong>requisitos<\/strong><\/em><\/p>\n<p>[\/et_pb_blurb][\/et_pb_column][et_pb_column type=\u00bb1_3&#8243; _builder_version=\u00bb4.16&#8243; custom_padding=\u00bb|||\u00bb global_colors_info=\u00bb{}\u00bb custom_padding__hover=\u00bb|||\u00bb][et_pb_blurb title=\u00bbHoteler\u00eda\u00bb image=\u00bbhttps:\/\/travelonline.cl\/wp-content\/uploads\/2024\/07\/HOTELERIA.png\u00bb _builder_version=\u00bb4.26.0&#8243; header_font=\u00bbOswald|on||on|\u00bb header_font_size=\u00bb24px\u00bb body_font=\u00bbRoboto||||\u00bb body_text_color=\u00bbrgba(0,0,0,0.38)\u00bb body_font_size=\u00bb16px\u00bb text_orientation=\u00bbcenter\u00bb animation_style=\u00bbzoom\u00bb animation_delay=\u00bb100ms\u00bb animation_intensity_zoom=\u00bb10%\u00bb global_colors_info=\u00bb{}\u00bb]<\/p>\n<p><em><strong>pagos<\/strong><\/em><\/p>\n<p>[\/et_pb_blurb][\/et_pb_column][et_pb_column type=\u00bb1_3&#8243; _builder_version=\u00bb4.16&#8243; custom_padding=\u00bb|||\u00bb global_colors_info=\u00bb{}\u00bb custom_padding__hover=\u00bb|||\u00bb][et_pb_blurb title=\u00bbTraslados\u00bb image=\u00bbhttps:\/\/travelonline.cl\/wp-content\/uploads\/2024\/07\/TRASLADOS.png\u00bb _builder_version=\u00bb4.26.0&#8243; header_font=\u00bbOswald|on||on|\u00bb header_font_size=\u00bb24px\u00bb body_font=\u00bbRoboto||||\u00bb body_text_color=\u00bbrgba(0,0,0,0.38)\u00bb body_font_size=\u00bb16px\u00bb text_orientation=\u00bbcenter\u00bb animation_style=\u00bbzoom\u00bb animation_delay=\u00bb200ms\u00bb animation_intensity_zoom=\u00bb10%\u00bb locked=\u00bboff\u00bb global_colors_info=\u00bb{}\u00bb]<\/p>\n<p><em><strong>moneda<\/strong><\/em><\/p>\n<p>[\/et_pb_blurb][\/et_pb_column][\/et_pb_row][\/et_pb_section][et_pb_section fb_built=\u00bb1&#8243; admin_label=\u00bbCTA\u00bb _builder_version=\u00bb4.27.0&#8243; background_enable_image=\u00bboff\u00bb parallax=\u00bbon\u00bb custom_margin=\u00bb|||\u00bb custom_padding=\u00bb0px|||\u00bb global_colors_info=\u00bb{}\u00bb][et_pb_row use_custom_gutter=\u00bbon\u00bb gutter_width=\u00bb1&#8243; custom_padding_last_edited=\u00bbon|tablet\u00bb module_class=\u00bb et_pb_row_fullwidth\u00bb _builder_version=\u00bb4.27.0&#8243; use_background_color_gradient=\u00bbon\u00bb background_color_gradient_stops=\u00bb#ffffff 0%|rgba(255,255,255,0) 22%\u00bb background_color_gradient_start=\u00bb#ffffff\u00bb background_color_gradient_end=\u00bbrgba(255,255,255,0)\u00bb background_color_gradient_end_position=\u00bb22%\u00bb background_image=\u00bbhttps:\/\/travelonline.cl\/wp-content\/uploads\/2025\/01\/Costa-Azull.png\u00bb width=\u00bb100%\u00bb width_tablet=\u00bb100%\u00bb width_phone=\u00bb100%\u00bb width_last_edited=\u00bbon|desktop\u00bb max_width=\u00bb100%\u00bb max_width_tablet=\u00bb100%\u00bb max_width_phone=\u00bb100%\u00bb max_width_last_edited=\u00bbon|desktop\u00bb min_height=\u00bb1024.7px\u00bb custom_padding=\u00bb220px|0px|220px|0px\u00bb custom_padding_tablet=\u00bb0px|||\u00bb custom_padding_phone=\u00bb\u00bb make_fullwidth=\u00bbon\u00bb global_colors_info=\u00bb{}\u00bb][et_pb_column type=\u00bb4_4&#8243; _builder_version=\u00bb4.16&#8243; custom_padding=\u00bb|||\u00bb global_colors_info=\u00bb{}\u00bb custom_padding__hover=\u00bb|||\u00bb][et_pb_text admin_label=\u00bbCTA Section Title\u00bb _builder_version=\u00bb4.16&#8243; text_font=\u00bb||||\u00bb text_line_height=\u00bb1em\u00bb header_font=\u00bbOswald|on||on|\u00bb header_text_align=\u00bbcenter\u00bb header_font_size=\u00bb60px\u00bb header_line_height=\u00bb1.3em\u00bb module_alignment=\u00bbcenter\u00bb custom_margin=\u00bb||60px|\u00bb custom_padding=\u00bb|||\u00bb animation_style=\u00bbslide\u00bb animation_direction=\u00bbtop\u00bb animation_intensity_slide=\u00bb10%\u00bb locked=\u00bboff\u00bb global_colors_info=\u00bb{}\u00bb]<\/p>\n<h1><span style=\"color: #ffffff;\">Y ENTONCES, QU\u00c9 ESPERAS PARA SUBIRTE AL DESTINO?<\/span><\/h1>\n<p>[\/et_pb_text][et_pb_button button_url=\u00bbhttps:\/\/travelonline.cl\/?page_id=343&#8243; button_text=\u00bbCOTIZAR AHORA\u00bb button_alignment=\u00bbcenter\u00bb _builder_version=\u00bb4.26.0&#8243; custom_button=\u00bbon\u00bb button_text_color=\u00bb#ffffff\u00bb button_bg_color=\u00bb#0C71C3&#8243; button_border_color=\u00bb#0C71C3&#8243; button_border_radius=\u00bb0px\u00bb button_letter_spacing=\u00bb4px\u00bb button_font=\u00bbOswald|on||on|\u00bb button_icon=\u00bb&#x24;||divi||400&#8243; button_icon_color=\u00bb#1a1a1a\u00bb button_border_color_hover=\u00bb#1a1a1a\u00bb button_border_radius_hover=\u00bb0px\u00bb button_letter_spacing_hover=\u00bb4px\u00bb button_bg_color_hover=\u00bbrgba(0,0,0,0)\u00bb locked=\u00bboff\u00bb global_colors_info=\u00bb{}\u00bb button_text_size__hover_enabled=\u00bboff\u00bb button_one_text_size__hover_enabled=\u00bboff\u00bb button_two_text_size__hover_enabled=\u00bboff\u00bb button_text_color__hover_enabled=\u00bboff\u00bb button_one_text_color__hover_enabled=\u00bboff\u00bb button_two_text_color__hover_enabled=\u00bboff\u00bb button_border_width__hover_enabled=\u00bboff\u00bb button_one_border_width__hover_enabled=\u00bboff\u00bb button_two_border_width__hover_enabled=\u00bboff\u00bb button_border_color__hover_enabled=\u00bbon\u00bb button_border_color__hover=\u00bb#1a1a1a\u00bb button_one_border_color__hover_enabled=\u00bboff\u00bb button_two_border_color__hover_enabled=\u00bboff\u00bb button_border_radius__hover_enabled=\u00bbon\u00bb button_border_radius__hover=\u00bb0px\u00bb button_one_border_radius__hover_enabled=\u00bboff\u00bb button_two_border_radius__hover_enabled=\u00bboff\u00bb button_letter_spacing__hover_enabled=\u00bbon\u00bb button_letter_spacing__hover=\u00bb4px\u00bb button_one_letter_spacing__hover_enabled=\u00bboff\u00bb button_two_letter_spacing__hover_enabled=\u00bboff\u00bb button_bg_color__hover_enabled=\u00bbon\u00bb button_bg_color__hover=\u00bbrgba(0,0,0,0)\u00bb button_one_bg_color__hover_enabled=\u00bboff\u00bb button_two_bg_color__hover_enabled=\u00bboff\u00bb][\/et_pb_button][et_pb_image src=\u00bbhttps:\/\/travelonline.cl\/wp-content\/uploads\/2024\/07\/couple2.png\u00bb show_bottom_space=\u00bboff\u00bb align=\u00bbcenter\u00bb align_tablet=\u00bbcenter\u00bb align_phone=\u00bbcenter\u00bb align_last_edited=\u00bbon|desktop\u00bb _builder_version=\u00bb4.16&#8243; custom_margin=\u00bb100px|||\u00bb global_colors_info=\u00bb{}\u00bb][\/et_pb_image][\/et_pb_column][\/et_pb_row][\/et_pb_section]<\/p>\n","protected":false},"excerpt":{"rendered":"<p>Recorre Europa con este emocionante programa visitando Roma, la deslumbrante Costa Azul, la vibrante Barcelona y la majestuosa Madrid. Disfruta de la historia, el arte y la gastronom\u00eda en cada ciudad, y vive la magia de sus paisajes y tradiciones.\u00bfQu\u00e9 incluye?\u00a0D\u00eda 1: CIUDAD DE ORIGEN &#8211; ROMA Llegada a Roma y traslado al hotel. Por [&hellip;]<\/p>\n","protected":false},"author":2,"featured_media":0,"parent":0,"menu_order":0,"comment_status":"closed","ping_status":"closed","template":"","meta":{"_et_pb_use_builder":"on","_et_pb_old_content":"","_et_gb_content_width":"","footnotes":""},"class_list":["post-3857","page","type-page","status-publish","hentry"],"jetpack_sharing_enabled":true,"_links":{"self":[{"href":"https:\/\/travelonline.cl\/index.php?rest_route=\/wp\/v2\/pages\/3857","targetHints":{"allow":["GET"]}}],"collection":[{"href":"https:\/\/travelonline.cl\/index.php?rest_route=\/wp\/v2\/pages"}],"about":[{"href":"https:\/\/travelonline.cl\/index.php?rest_route=\/wp\/v2\/types\/page"}],"author":[{"embeddable":true,"href":"https:\/\/travelonline.cl\/index.php?rest_route=\/wp\/v2\/users\/2"}],"replies":[{"embeddable":true,"href":"https:\/\/travelonline.cl\/index.php?rest_route=%2Fwp%2Fv2%2Fcomments&post=3857"}],"version-history":[{"count":25,"href":"https:\/\/travelonline.cl\/index.php?rest_route=\/wp\/v2\/pages\/3857\/revisions"}],"predecessor-version":[{"id":3999,"href":"https:\/\/travelonline.cl\/index.php?rest_route=\/wp\/v2\/pages\/3857\/revisions\/3999"}],"wp:attachment":[{"href":"https:\/\/travelonline.cl\/index.php?rest_route=%2Fwp%2Fv2%2Fmedia&parent=3857"}],"curies":[{"name":"wp","href":"https:\/\/api.w.org\/{rel}","templated":true}]}}