{"id":764,"date":"2024-07-24T16:04:39","date_gmt":"2024-07-24T16:04:39","guid":{"rendered":"https:\/\/travelonline.cl\/?page_id=764"},"modified":"2026-01-14T21:15:08","modified_gmt":"2026-01-14T21:15:08","slug":"home-su","status":"publish","type":"page","link":"https:\/\/travelonline.cl\/","title":{"rendered":"Inicio"},"content":{"rendered":"<p>[et_pb_section fb_built=\u00bb1&#8243; custom_padding_last_edited=\u00bbon|tablet\u00bb admin_label=\u00bbHeader\u00bb _builder_version=\u00bb4.26.0&#8243; _module_preset=\u00bbdefault\u00bb background_color=\u00bbgcid-a8e26c5e-4ea4-44b2-8a39-bb865eba3c3e\u00bb background_image=\u00bbhttps:\/\/travelonline.cl\/wp-content\/uploads\/2024\/07\/CAPADOCCIA-2.mp4&#8243; background_video_mp4=\u00bbhttps:\/\/travelonline.cl\/wp-content\/uploads\/2024\/07\/travel-online.mp4&#8243; background_video_height=\u00bb130&#8243; min_height=\u00bb130px\u00bb custom_padding=\u00bb1px||0px||false|false\u00bb custom_padding_tablet=\u00bb||60px||false|false\u00bb custom_padding_phone=\u00bb||60px||false|false\u00bb collapsed=\u00bbon\u00bb global_colors_info=\u00bb{%22gcid-a8e26c5e-4ea4-44b2-8a39-bb865eba3c3e%22:%91%22background_color%22%93}\u00bb][et_pb_row column_structure=\u00bb3_4,1_4&#8243; _builder_version=\u00bb4.22.0&#8243; _module_preset=\u00bbdefault\u00bb min_height=\u00bb610.2px\u00bb global_colors_info=\u00bb{}\u00bb][et_pb_column type=\u00bb3_4&#8243; _builder_version=\u00bb4.22.0&#8243; _module_preset=\u00bbdefault\u00bb global_colors_info=\u00bb{}\u00bb][\/et_pb_column][et_pb_column type=\u00bb1_4&#8243; _builder_version=\u00bb4.22.0&#8243; _module_preset=\u00bbdefault\u00bb link_option_url=\u00bb#\u00bb global_colors_info=\u00bb{%22gcid-7f894a08-3d63-4171-bb2c-64c0d9c205e5%22:%91%22background_color%22%93}\u00bb][et_pb_blurb title=\u00bbVISITAR promociones\u00bb url=\u00bbhttps:\/\/travelonline.cl\/?post_type=product\u00bb url_new_window=\u00bbon\u00bb use_icon=\u00bbon\u00bb font_icon=\u00bb&#xf061;||fa||900&#8243; _builder_version=\u00bb4.27.0&#8243; _module_preset=\u00bbd83754ab-d02e-48f9-9621-6e5b8891bb62&#8243; background_color=\u00bbgcid-7f894a08-3d63-4171-bb2c-64c0d9c205e5&#8243; custom_margin=\u00bb|48px|0px||false|false\u00bb link_option_url=\u00bbhttps:\/\/travelonline.cl\/?post_type=product\u00bb locked=\u00bboff\u00bb global_colors_info=\u00bb{%22gcid-a8e26c5e-4ea4-44b2-8a39-bb865eba3c3e%22:%91%22icon_color%22%93,%22gcid-7f894a08-3d63-4171-bb2c-64c0d9c205e5%22:%91%22background_color%22%93}\u00bb][\/et_pb_blurb][\/et_pb_column][\/et_pb_row][\/et_pb_section][et_pb_section fb_built=\u00bb1&#8243; admin_label=\u00bbEvents\u00bb _builder_version=\u00bb4.22.0&#8243; _module_preset=\u00bbdefault\u00bb min_height=\u00bb303px\u00bb collapsed=\u00bbon\u00bb global_colors_info=\u00bb{}\u00bb][et_pb_row column_structure=\u00bb1_5,1_5,1_5,1_5,1_5&#8243; custom_padding_last_edited=\u00bbon|tablet\u00bb _builder_version=\u00bb4.22.0&#8243; _module_preset=\u00bbdefault\u00bb background_color=\u00bbgcid-1a99ec8a-6212-4403-98b3-a3da5117e3eb\u00bb width=\u00bb72.7%\u00bb custom_padding=\u00bb60px|60px|60px|60px|true|true\u00bb custom_padding_tablet=\u00bb30px|30px|30px|30px|true|true\u00bb custom_padding_phone=\u00bb20px|20px|20px|20px|true|true\u00bb global_colors_info=\u00bb{%22gcid-1a99ec8a-6212-4403-98b3-a3da5117e3eb%22:%91%22background_color%22%93}\u00bb][et_pb_column type=\u00bb1_5&#8243; _builder_version=\u00bb4.22.0&#8243; _module_preset=\u00bbdefault\u00bb global_colors_info=\u00bb{}\u00bb][et_pb_text _builder_version=\u00bb4.22.0&#8243; _module_preset=\u00bb1baf3eee-4284-4232-af4c-5062341e7804&#8243; custom_margin=\u00bb||0px||false|false\u00bb global_colors_info=\u00bb{}\u00bb]<\/p>\n<h4>EUROPA<\/h4>\n<p>[\/et_pb_text][et_pb_button button_url=\u00bbhttps:\/\/travelonline.cl\/?page_id=239&#8243; button_text=\u00bbVer\u00bb _builder_version=\u00bb4.26.0&#8243; _module_preset=\u00bb007c21b5-e680-45be-bcc1-5601a157ea38&#8243; global_colors_info=\u00bb{}\u00bb][\/et_pb_button][\/et_pb_column][et_pb_column type=\u00bb1_5&#8243; _builder_version=\u00bb4.22.0&#8243; _module_preset=\u00bbdefault\u00bb global_colors_info=\u00bb{}\u00bb][et_pb_text _builder_version=\u00bb4.26.0&#8243; _module_preset=\u00bb1baf3eee-4284-4232-af4c-5062341e7804&#8243; custom_margin=\u00bb||0px||false|false\u00bb global_colors_info=\u00bb{}\u00bb]<\/p>\n<h4>ASIA<\/h4>\n<p>[\/et_pb_text][et_pb_button button_url=\u00bbhttps:\/\/travelonline.cl\/?page_id=1021&#8243; button_text=\u00bbver\u00bb _builder_version=\u00bb4.26.0&#8243; _module_preset=\u00bb007c21b5-e680-45be-bcc1-5601a157ea38&#8243; global_colors_info=\u00bb{}\u00bb][\/et_pb_button][\/et_pb_column][et_pb_column type=\u00bb1_5&#8243; _builder_version=\u00bb4.22.0&#8243; _module_preset=\u00bbdefault\u00bb global_colors_info=\u00bb{}\u00bb][et_pb_text _builder_version=\u00bb4.26.0&#8243; _module_preset=\u00bb1baf3eee-4284-4232-af4c-5062341e7804&#8243; custom_margin=\u00bb||0px||false|false\u00bb global_colors_info=\u00bb{}\u00bb]<\/p>\n<h4>MEDIO ORIENTE<\/h4>\n<p>[\/et_pb_text][et_pb_button button_url=\u00bbhttps:\/\/travelonline.cl\/?page_id=1044&#8243; button_text=\u00bbver\u00bb _builder_version=\u00bb4.26.0&#8243; _module_preset=\u00bb007c21b5-e680-45be-bcc1-5601a157ea38&#8243; global_colors_info=\u00bb{}\u00bb][\/et_pb_button][\/et_pb_column][et_pb_column type=\u00bb1_5&#8243; _builder_version=\u00bb4.26.0&#8243; _module_preset=\u00bbdefault\u00bb global_colors_info=\u00bb{}\u00bb][et_pb_text _builder_version=\u00bb4.26.0&#8243; _module_preset=\u00bb1baf3eee-4284-4232-af4c-5062341e7804&#8243; custom_margin=\u00bb||0px||false|false\u00bb global_colors_info=\u00bb{}\u00bb]<\/p>\n<h4>AM\u00c9RICA<\/h4>\n<p>[\/et_pb_text][et_pb_button button_url=\u00bbhttps:\/\/travelonline.cl\/?page_id=1068&#8243; button_text=\u00bbVER\u00bb _builder_version=\u00bb4.26.0&#8243; _module_preset=\u00bb007c21b5-e680-45be-bcc1-5601a157ea38&#8243; global_colors_info=\u00bb{}\u00bb][\/et_pb_button][\/et_pb_column][et_pb_column type=\u00bb1_5&#8243; _builder_version=\u00bb4.26.0&#8243; _module_preset=\u00bbdefault\u00bb global_colors_info=\u00bb{}\u00bb][et_pb_text _builder_version=\u00bb4.26.0&#8243; _module_preset=\u00bb1baf3eee-4284-4232-af4c-5062341e7804&#8243; custom_margin=\u00bb||0px||false|false\u00bb global_colors_info=\u00bb{}\u00bb]<\/p>\n<h4>MIXTOS<\/h4>\n<p>[\/et_pb_text][et_pb_button button_url=\u00bbhttps:\/\/travelonline.cl\/?page_id=1082&#8243; button_text=\u00bbVER\u00bb _builder_version=\u00bb4.26.0&#8243; _module_preset=\u00bb007c21b5-e680-45be-bcc1-5601a157ea38&#8243; global_colors_info=\u00bb{}\u00bb][\/et_pb_button][\/et_pb_column][\/et_pb_row][\/et_pb_section][et_pb_section fb_built=\u00bb1&#8243; admin_label=\u00bbPrograms\u00bb _builder_version=\u00bb4.27.0&#8243; _module_preset=\u00bb_initial\u00bb hover_enabled=\u00bb0&#8243; locked=\u00bboff\u00bb collapsed=\u00bbon\u00bb global_colors_info=\u00bb{}\u00bb sticky_enabled=\u00bb0&#8243;][et_pb_row _builder_version=\u00bb4.25.1&#8243; _module_preset=\u00bbdefault\u00bb global_colors_info=\u00bb{}\u00bb][et_pb_column type=\u00bb4_4&#8243; _builder_version=\u00bb4.25.1&#8243; _module_preset=\u00bb_initial\u00bb global_colors_info=\u00bb{}\u00bb][et_pb_heading title=\u00bbProgramas en Oferta\u00bb _builder_version=\u00bb4.27.0&#8243; _module_preset=\u00bb_initial\u00bb title_level=\u00bbh4&#8243; title_font=\u00bbUrbanist|700||on|||||\u00bb title_text_color=\u00bbgcid-1f1b4e15-7cc6-4e13-8154-74d77a956460&#8243; title_font_size=\u00bb14px\u00bb title_letter_spacing=\u00bb0.2em\u00bb title_line_height=\u00bb1.6em\u00bb custom_margin=\u00bb||0px||false|false\u00bb hover_enabled=\u00bb0&#8243; title_font_size_tablet=\u00bb14px\u00bb title_font_size_phone=\u00bb13px\u00bb title_font_size_last_edited=\u00bbon|desktop\u00bb global_colors_info=\u00bb{%22gcid-1f1b4e15-7cc6-4e13-8154-74d77a956460%22:%91%22title_text_color%22%93}\u00bb custom_padding=\u00bb0px|||||\u00bb sticky_enabled=\u00bb0&#8243;][\/et_pb_heading][et_pb_heading title=\u00bbPromociones en destinos seleccionados\u00bb _builder_version=\u00bb4.27.0&#8243; _module_preset=\u00bb_initial\u00bb title_level=\u00bbh2&#8243; title_font=\u00bbUrbanist||||||||\u00bb title_font_size=\u00bb52px\u00bb title_line_height=\u00bb1.2em\u00bb title_font_size_tablet=\u00bb32px\u00bb title_font_size_phone=\u00bb20px\u00bb title_font_size_last_edited=\u00bbon|desktop\u00bb global_colors_info=\u00bb{}\u00bb][\/et_pb_heading][\/et_pb_column][\/et_pb_row][et_pb_row column_structure=\u00bb1_4,1_4,1_4,1_4&#8243; _builder_version=\u00bb4.27.0&#8243; _module_preset=\u00bbdefault\u00bb hover_enabled=\u00bb0&#8243; global_colors_info=\u00bb{}\u00bb sticky_enabled=\u00bb0&#8243;][et_pb_column type=\u00bb1_4&#8243; _builder_version=\u00bb4.25.1&#8243; _module_preset=\u00bb_initial\u00bb global_colors_info=\u00bb{}\u00bb][et_pb_image src=\u00bbhttps:\/\/travelonline.cl\/wp-content\/uploads\/2026\/01\/Publicaciones-de-Chirak-9.png\u00bb title_text=\u00bbPublicaciones de Chirak (9)\u00bb _builder_version=\u00bb4.27.0&#8243; _module_preset=\u00bb_initial\u00bb custom_margin=\u00bb||||false|false\u00bb border_radii=\u00bbon|30px|30px|30px|30px\u00bb global_colors_info=\u00bb{}\u00bb][\/et_pb_image][et_pb_heading title=\u00bbDUBAI MARAVILLOSO 2X1&#8243; _builder_version=\u00bb4.27.0&#8243; _module_preset=\u00bb_initial\u00bb title_level=\u00bbh4&#8243; title_font=\u00bbUrbanist||||||||\u00bb title_font_size=\u00bb24px\u00bb title_line_height=\u00bb1.3em\u00bb custom_margin=\u00bb||0px||false|false\u00bb title_font_size_tablet=\u00bb20px\u00bb title_font_size_phone=\u00bb16px\u00bb title_font_size_last_edited=\u00bbon|desktop\u00bb global_colors_info=\u00bb{}\u00bb][\/et_pb_heading][et_pb_text quote_border_color=\u00bb#0047ff\u00bb _builder_version=\u00bb4.27.0&#8243; _module_preset=\u00bb_initial\u00bb text_font=\u00bbInter||||||||\u00bb text_font_size=\u00bb16px\u00bb text_line_height=\u00bb1.8em\u00bb link_text_color=\u00bb#0047ff\u00bb ul_line_height=\u00bb1.8em\u00bb ol_line_height=\u00bb1.8em\u00bb quote_font=\u00bbUrbanist||||||||\u00bb quote_text_color=\u00bb#0047ff\u00bb quote_font_size=\u00bb24px\u00bb quote_line_height=\u00bb1.3em\u00bb header_font=\u00bbUrbanist||||||||\u00bb header_font_size=\u00bb72px\u00bb header_line_height=\u00bb1.1em\u00bb header_2_font=\u00bbUrbanist||||||||\u00bb header_2_font_size=\u00bb52px\u00bb header_2_line_height=\u00bb1.2em\u00bb header_3_font=\u00bbUrbanist||||||||\u00bb header_3_font_size=\u00bb36px\u00bb header_3_line_height=\u00bb1.2em\u00bb header_4_font=\u00bbUrbanist||||||||\u00bb header_4_font_size=\u00bb24px\u00bb header_4_line_height=\u00bb1.3em\u00bb header_5_font=\u00bbUrbanist||||||||\u00bb header_5_font_size=\u00bb20px\u00bb header_5_line_height=\u00bb1.4em\u00bb header_6_font=\u00bbUrbanist||||||||\u00bb header_6_font_size=\u00bb16px\u00bb header_6_line_height=\u00bb1.4em\u00bb custom_margin=\u00bb||10px||false|false\u00bb text_font_size_tablet=\u00bb15px\u00bb text_font_size_phone=\u00bb14px\u00bb text_font_size_last_edited=\u00bbon|desktop\u00bb quote_font_size_tablet=\u00bb20px\u00bb quote_font_size_phone=\u00bb16px\u00bb quote_font_size_last_edited=\u00bbon|desktop\u00bb header_font_size_tablet=\u00bb40px\u00bb header_font_size_phone=\u00bb24px\u00bb header_font_size_last_edited=\u00bbon|desktop\u00bb header_2_font_size_tablet=\u00bb32px\u00bb header_2_font_size_phone=\u00bb20px\u00bb header_2_font_size_last_edited=\u00bbon|desktop\u00bb header_3_font_size_tablet=\u00bb24px\u00bb header_3_font_size_phone=\u00bb18px\u00bb header_3_font_size_last_edited=\u00bbon|desktop\u00bb header_4_font_size_tablet=\u00bb20px\u00bb header_4_font_size_phone=\u00bb16px\u00bb header_4_font_size_last_edited=\u00bbon|desktop\u00bb header_5_font_size_tablet=\u00bb18px\u00bb header_5_font_size_phone=\u00bb15px\u00bb header_5_font_size_last_edited=\u00bbon|desktop\u00bb header_6_font_size_tablet=\u00bb15px\u00bb header_6_font_size_phone=\u00bb14px\u00bb header_6_font_size_last_edited=\u00bbon|desktop\u00bb global_colors_info=\u00bb{}\u00bb]<\/p>\n<p style=\"text-align: left;\">Un destino vibrante que sorprende con arquitectura ic\u00f3nica, experiencias de lujo, cultura \u00e1rabe, desierto infinito y playas espectaculares. Dub\u00e1i es sin\u00f3nimo de innovaci\u00f3n, exclusividad y viajes inolvidables.<\/p>\n<p>[\/et_pb_text][et_pb_heading title=\u00bbCOTIZAR\u00bb _builder_version=\u00bb4.27.0&#8243; _module_preset=\u00bb_initial\u00bb title_level=\u00bbh4&#8243; title_font=\u00bbUrbanist|700||on|||||\u00bb title_text_color=\u00bbgcid-1f1b4e15-7cc6-4e13-8154-74d77a956460&#8243; title_font_size=\u00bb14px\u00bb title_letter_spacing=\u00bb0.2em\u00bb title_line_height=\u00bb1.6em\u00bb custom_margin=\u00bb||10px||false|false\u00bb custom_padding=\u00bb|0px||||\u00bb title_font_size_tablet=\u00bb14px\u00bb title_font_size_phone=\u00bb13px\u00bb title_font_size_last_edited=\u00bbon|desktop\u00bb locked=\u00bboff\u00bb global_colors_info=\u00bb{%22gcid-1f1b4e15-7cc6-4e13-8154-74d77a956460%22:%91%22title_text_color%22%93}\u00bb][\/et_pb_heading][et_pb_button button_url=\u00bbhttps:\/\/travelonline.cl\/?product=dubai-maravilloso-2&#215;1&#8243; url_new_window=\u00bbon\u00bb button_text=\u00bbVer M\u00e1s\u00bb _builder_version=\u00bb4.27.0&#8243; _module_preset=\u00bb_initial\u00bb custom_button=\u00bbon\u00bb button_text_size=\u00bb14px\u00bb button_text_color=\u00bb#0047ff\u00bb button_bg_color=\u00bbRGBA(255,255,255,0)\u00bb button_border_color=\u00bb#0047ff\u00bb button_border_radius=\u00bb50px\u00bb button_letter_spacing=\u00bb0.16em\u00bb button_font=\u00bbInter|700||on|||||\u00bb button_icon=\u00bb&#x24;||divi||400&#8243; button_on_hover=\u00bboff\u00bb custom_padding=\u00bb16px|50px|16px|40px|true|false\u00bb hover_enabled=\u00bb0&#8243; global_colors_info=\u00bb{}\u00bb sticky_enabled=\u00bb0&#8243;][\/et_pb_button][\/et_pb_column][et_pb_column type=\u00bb1_4&#8243; _builder_version=\u00bb4.27.0&#8243; _module_preset=\u00bbdefault\u00bb global_colors_info=\u00bb{}\u00bb][et_pb_image src=\u00bbhttps:\/\/travelonline.cl\/wp-content\/uploads\/2026\/01\/Publicaciones-de-Chirak-15.png\u00bb title_text=\u00bbPublicaciones de Chirak (15)\u00bb _builder_version=\u00bb4.27.0&#8243; _module_preset=\u00bb_initial\u00bb custom_margin=\u00bb||||false|false\u00bb border_radii=\u00bbon|30px|30px|30px|30px\u00bb global_colors_info=\u00bb{}\u00bb][\/et_pb_image][et_pb_heading title=\u00bbEUROPA EN 17 D\u00cdAS\u00bb _builder_version=\u00bb4.27.0&#8243; _module_preset=\u00bb_initial\u00bb title_level=\u00bbh4&#8243; title_font=\u00bbUrbanist||||||||\u00bb title_font_size=\u00bb24px\u00bb title_line_height=\u00bb1.3em\u00bb custom_margin=\u00bb||0px||false|false\u00bb title_font_size_tablet=\u00bb20px\u00bb title_font_size_phone=\u00bb16px\u00bb title_font_size_last_edited=\u00bbon|desktop\u00bb global_colors_info=\u00bb{}\u00bb][\/et_pb_heading][et_pb_text quote_border_color=\u00bb#0047ff\u00bb _builder_version=\u00bb4.27.0&#8243; _module_preset=\u00bb_initial\u00bb text_font=\u00bbInter||||||||\u00bb text_font_size=\u00bb16px\u00bb text_line_height=\u00bb1.8em\u00bb link_text_color=\u00bb#0047ff\u00bb ul_line_height=\u00bb1.8em\u00bb ol_line_height=\u00bb1.8em\u00bb quote_font=\u00bbUrbanist||||||||\u00bb quote_text_color=\u00bb#0047ff\u00bb quote_font_size=\u00bb24px\u00bb quote_line_height=\u00bb1.3em\u00bb header_font=\u00bbUrbanist||||||||\u00bb header_font_size=\u00bb72px\u00bb header_line_height=\u00bb1.1em\u00bb header_2_font=\u00bbUrbanist||||||||\u00bb header_2_font_size=\u00bb52px\u00bb header_2_line_height=\u00bb1.2em\u00bb header_3_font=\u00bbUrbanist||||||||\u00bb header_3_font_size=\u00bb36px\u00bb header_3_line_height=\u00bb1.2em\u00bb header_4_font=\u00bbUrbanist||||||||\u00bb header_4_font_size=\u00bb24px\u00bb header_4_line_height=\u00bb1.3em\u00bb header_5_font=\u00bbUrbanist||||||||\u00bb header_5_font_size=\u00bb20px\u00bb header_5_line_height=\u00bb1.4em\u00bb header_6_font=\u00bbUrbanist||||||||\u00bb header_6_font_size=\u00bb16px\u00bb header_6_line_height=\u00bb1.4em\u00bb custom_margin=\u00bb||10px||false|false\u00bb text_font_size_tablet=\u00bb15px\u00bb text_font_size_phone=\u00bb14px\u00bb text_font_size_last_edited=\u00bbon|desktop\u00bb quote_font_size_tablet=\u00bb20px\u00bb quote_font_size_phone=\u00bb16px\u00bb quote_font_size_last_edited=\u00bbon|desktop\u00bb header_font_size_tablet=\u00bb40px\u00bb header_font_size_phone=\u00bb24px\u00bb header_font_size_last_edited=\u00bbon|desktop\u00bb header_2_font_size_tablet=\u00bb32px\u00bb header_2_font_size_phone=\u00bb20px\u00bb header_2_font_size_last_edited=\u00bbon|desktop\u00bb header_3_font_size_tablet=\u00bb24px\u00bb header_3_font_size_phone=\u00bb18px\u00bb header_3_font_size_last_edited=\u00bbon|desktop\u00bb header_4_font_size_tablet=\u00bb20px\u00bb header_4_font_size_phone=\u00bb16px\u00bb header_4_font_size_last_edited=\u00bbon|desktop\u00bb header_5_font_size_tablet=\u00bb18px\u00bb header_5_font_size_phone=\u00bb15px\u00bb header_5_font_size_last_edited=\u00bbon|desktop\u00bb header_6_font_size_tablet=\u00bb15px\u00bb header_6_font_size_phone=\u00bb14px\u00bb header_6_font_size_last_edited=\u00bbon|desktop\u00bb global_colors_info=\u00bb{}\u00bb]<\/p>\n<p style=\"text-align: left;\"><span>Europa cautiva con su diversidad de pa\u00edses, ciudades ic\u00f3nicas y siglos de historia. Arte, gastronom\u00eda, paisajes y tradiciones se combinan para crear viajes \u00fanicos en cada destino.<\/span><\/p>\n<p>[\/et_pb_text][et_pb_heading title=\u00bbCOTIZAR\u00bb _builder_version=\u00bb4.27.0&#8243; _module_preset=\u00bb_initial\u00bb title_level=\u00bbh4&#8243; title_font=\u00bbUrbanist|700||on|||||\u00bb title_text_color=\u00bbgcid-1f1b4e15-7cc6-4e13-8154-74d77a956460&#8243; title_font_size=\u00bb14px\u00bb title_letter_spacing=\u00bb0.2em\u00bb title_line_height=\u00bb1.6em\u00bb custom_margin=\u00bb||10px||false|false\u00bb custom_padding=\u00bb|0px||||\u00bb title_font_size_tablet=\u00bb14px\u00bb title_font_size_phone=\u00bb13px\u00bb title_font_size_last_edited=\u00bbon|desktop\u00bb locked=\u00bboff\u00bb global_colors_info=\u00bb{%22gcid-1f1b4e15-7cc6-4e13-8154-74d77a956460%22:%91%22title_text_color%22%93}\u00bb][\/et_pb_heading][et_pb_button button_url=\u00bbhttps:\/\/travelonline.cl\/?product=europa-en-17-dias\u00bb url_new_window=\u00bbon\u00bb button_text=\u00bbVer M\u00e1s\u00bb _builder_version=\u00bb4.27.0&#8243; _module_preset=\u00bb_initial\u00bb custom_button=\u00bbon\u00bb button_text_size=\u00bb14px\u00bb button_text_color=\u00bb#0047ff\u00bb button_bg_color=\u00bbRGBA(255,255,255,0)\u00bb button_border_color=\u00bb#0047ff\u00bb button_border_radius=\u00bb50px\u00bb button_letter_spacing=\u00bb0.16em\u00bb button_font=\u00bbInter|700||on|||||\u00bb button_icon=\u00bb&#x24;||divi||400&#8243; button_on_hover=\u00bboff\u00bb custom_padding=\u00bb16px|50px|16px|40px|true|false\u00bb hover_enabled=\u00bb0&#8243; global_colors_info=\u00bb{}\u00bb sticky_enabled=\u00bb0&#8243;][\/et_pb_button][\/et_pb_column][et_pb_column type=\u00bb1_4&#8243; _builder_version=\u00bb4.27.0&#8243; _module_preset=\u00bbdefault\u00bb global_colors_info=\u00bb{}\u00bb][et_pb_image src=\u00bbhttps:\/\/travelonline.cl\/wp-content\/uploads\/2026\/01\/Publicaciones-de-Chirak-10.png\u00bb title_text=\u00bbPublicaciones de Chirak (10)\u00bb _builder_version=\u00bb4.27.0&#8243; _module_preset=\u00bb_initial\u00bb custom_margin=\u00bb||||false|false\u00bb hover_enabled=\u00bb0&#8243; border_radii=\u00bbon|30px|30px|30px|30px\u00bb global_colors_info=\u00bb{}\u00bb sticky_enabled=\u00bb0&#8243;][\/et_pb_image][et_pb_heading title=\u00bbTURQU\u00cdA 2X1&#8243; _builder_version=\u00bb4.27.0&#8243; _module_preset=\u00bb_initial\u00bb title_level=\u00bbh4&#8243; title_font=\u00bbUrbanist||||||||\u00bb title_font_size=\u00bb24px\u00bb title_line_height=\u00bb1.3em\u00bb custom_margin=\u00bb||0px||false|false\u00bb title_font_size_tablet=\u00bb20px\u00bb title_font_size_phone=\u00bb16px\u00bb title_font_size_last_edited=\u00bbon|desktop\u00bb global_colors_info=\u00bb{}\u00bb][\/et_pb_heading][et_pb_text quote_border_color=\u00bb#0047ff\u00bb _builder_version=\u00bb4.27.0&#8243; _module_preset=\u00bb_initial\u00bb text_font=\u00bbInter||||||||\u00bb text_font_size=\u00bb16px\u00bb text_line_height=\u00bb1.8em\u00bb link_text_color=\u00bb#0047ff\u00bb ul_line_height=\u00bb1.8em\u00bb ol_line_height=\u00bb1.8em\u00bb quote_font=\u00bbUrbanist||||||||\u00bb quote_text_color=\u00bb#0047ff\u00bb quote_font_size=\u00bb24px\u00bb quote_line_height=\u00bb1.3em\u00bb header_font=\u00bbUrbanist||||||||\u00bb header_font_size=\u00bb72px\u00bb header_line_height=\u00bb1.1em\u00bb header_2_font=\u00bbUrbanist||||||||\u00bb header_2_font_size=\u00bb52px\u00bb header_2_line_height=\u00bb1.2em\u00bb header_3_font=\u00bbUrbanist||||||||\u00bb header_3_font_size=\u00bb36px\u00bb header_3_line_height=\u00bb1.2em\u00bb header_4_font=\u00bbUrbanist||||||||\u00bb header_4_font_size=\u00bb24px\u00bb header_4_line_height=\u00bb1.3em\u00bb header_5_font=\u00bbUrbanist||||||||\u00bb header_5_font_size=\u00bb20px\u00bb header_5_line_height=\u00bb1.4em\u00bb header_6_font=\u00bbUrbanist||||||||\u00bb header_6_font_size=\u00bb16px\u00bb header_6_line_height=\u00bb1.4em\u00bb custom_margin=\u00bb||10px||false|false\u00bb text_font_size_tablet=\u00bb15px\u00bb text_font_size_phone=\u00bb14px\u00bb text_font_size_last_edited=\u00bbon|desktop\u00bb quote_font_size_tablet=\u00bb20px\u00bb quote_font_size_phone=\u00bb16px\u00bb quote_font_size_last_edited=\u00bbon|desktop\u00bb header_font_size_tablet=\u00bb40px\u00bb header_font_size_phone=\u00bb24px\u00bb header_font_size_last_edited=\u00bbon|desktop\u00bb header_2_font_size_tablet=\u00bb32px\u00bb header_2_font_size_phone=\u00bb20px\u00bb header_2_font_size_last_edited=\u00bbon|desktop\u00bb header_3_font_size_tablet=\u00bb24px\u00bb header_3_font_size_phone=\u00bb18px\u00bb header_3_font_size_last_edited=\u00bbon|desktop\u00bb header_4_font_size_tablet=\u00bb20px\u00bb header_4_font_size_phone=\u00bb16px\u00bb header_4_font_size_last_edited=\u00bbon|desktop\u00bb header_5_font_size_tablet=\u00bb18px\u00bb header_5_font_size_phone=\u00bb15px\u00bb header_5_font_size_last_edited=\u00bbon|desktop\u00bb header_6_font_size_tablet=\u00bb15px\u00bb header_6_font_size_phone=\u00bb14px\u00bb header_6_font_size_last_edited=\u00bbon|desktop\u00bb global_colors_info=\u00bb{}\u00bb]<\/p>\n<p style=\"text-align: left;\"><span>Turqu\u00eda sorprende con su mezcla \u00fanica de historia milenaria, cultura vibrante y paisajes inolvidables. Desde Estambul hasta Capadocia, es un destino donde Oriente y Occidente se encuentran en cada experiencia.<\/span><\/p>\n<p>[\/et_pb_text][et_pb_heading title=\u00bbCOTIZAR\u00bb _builder_version=\u00bb4.27.0&#8243; _module_preset=\u00bb_initial\u00bb title_level=\u00bbh4&#8243; title_font=\u00bbUrbanist|700||on|||||\u00bb title_text_color=\u00bbgcid-1f1b4e15-7cc6-4e13-8154-74d77a956460&#8243; title_font_size=\u00bb14px\u00bb title_letter_spacing=\u00bb0.2em\u00bb title_line_height=\u00bb1.6em\u00bb custom_margin=\u00bb||10px||false|false\u00bb custom_padding=\u00bb|0px||||\u00bb title_font_size_tablet=\u00bb14px\u00bb title_font_size_phone=\u00bb13px\u00bb title_font_size_last_edited=\u00bbon|desktop\u00bb global_colors_info=\u00bb{%22gcid-1f1b4e15-7cc6-4e13-8154-74d77a956460%22:%91%22title_text_color%22%93}\u00bb][\/et_pb_heading][et_pb_button button_url=\u00bbhttps:\/\/travelonline.cl\/?product=turquia-2&#215;1&#8243; url_new_window=\u00bbon\u00bb button_text=\u00bbVer M\u00e1s\u00bb _builder_version=\u00bb4.27.0&#8243; _module_preset=\u00bb_initial\u00bb custom_button=\u00bbon\u00bb button_text_size=\u00bb14px\u00bb button_text_color=\u00bb#0047ff\u00bb button_bg_color=\u00bbRGBA(255,255,255,0)\u00bb button_border_color=\u00bb#0047ff\u00bb button_border_radius=\u00bb50px\u00bb button_letter_spacing=\u00bb0.16em\u00bb button_font=\u00bbInter|700||on|||||\u00bb button_icon=\u00bb&#x24;||divi||400&#8243; button_on_hover=\u00bboff\u00bb custom_padding=\u00bb16px|50px|16px|40px|true|false\u00bb hover_enabled=\u00bb0&#8243; global_colors_info=\u00bb{}\u00bb sticky_enabled=\u00bb0&#8243;][\/et_pb_button][\/et_pb_column][et_pb_column type=\u00bb1_4&#8243; _builder_version=\u00bb4.27.0&#8243; _module_preset=\u00bbdefault\u00bb global_colors_info=\u00bb{}\u00bb][et_pb_image src=\u00bbhttps:\/\/travelonline.cl\/wp-content\/uploads\/2026\/01\/Publicaciones-de-Chirak-19.png\u00bb title_text=\u00bbPublicaciones de Chirak (19)\u00bb _builder_version=\u00bb4.27.0&#8243; _module_preset=\u00bb_initial\u00bb custom_margin=\u00bb||||false|false\u00bb hover_enabled=\u00bb0&#8243; border_radii=\u00bbon|30px|30px|30px|30px\u00bb global_colors_info=\u00bb{}\u00bb sticky_enabled=\u00bb0&#8243;][\/et_pb_image][et_pb_heading title=\u00bbTRI\u00c1NGULO DE ORO\u00bb _builder_version=\u00bb4.27.0&#8243; _module_preset=\u00bb_initial\u00bb title_level=\u00bbh4&#8243; title_font=\u00bbUrbanist||||||||\u00bb title_font_size=\u00bb24px\u00bb title_line_height=\u00bb1.3em\u00bb custom_margin=\u00bb||0px||false|false\u00bb title_font_size_tablet=\u00bb20px\u00bb title_font_size_phone=\u00bb16px\u00bb title_font_size_last_edited=\u00bbon|desktop\u00bb global_colors_info=\u00bb{}\u00bb][\/et_pb_heading][et_pb_text quote_border_color=\u00bb#0047ff\u00bb _builder_version=\u00bb4.27.0&#8243; _module_preset=\u00bb_initial\u00bb text_font=\u00bbInter||||||||\u00bb text_font_size=\u00bb16px\u00bb text_line_height=\u00bb1.8em\u00bb link_text_color=\u00bb#0047ff\u00bb ul_line_height=\u00bb1.8em\u00bb ol_line_height=\u00bb1.8em\u00bb quote_font=\u00bbUrbanist||||||||\u00bb quote_text_color=\u00bb#0047ff\u00bb quote_font_size=\u00bb24px\u00bb quote_line_height=\u00bb1.3em\u00bb header_font=\u00bbUrbanist||||||||\u00bb header_font_size=\u00bb72px\u00bb header_line_height=\u00bb1.1em\u00bb header_2_font=\u00bbUrbanist||||||||\u00bb header_2_font_size=\u00bb52px\u00bb header_2_line_height=\u00bb1.2em\u00bb header_3_font=\u00bbUrbanist||||||||\u00bb header_3_font_size=\u00bb36px\u00bb header_3_line_height=\u00bb1.2em\u00bb header_4_font=\u00bbUrbanist||||||||\u00bb header_4_font_size=\u00bb24px\u00bb header_4_line_height=\u00bb1.3em\u00bb header_5_font=\u00bbUrbanist||||||||\u00bb header_5_font_size=\u00bb20px\u00bb header_5_line_height=\u00bb1.4em\u00bb header_6_font=\u00bbUrbanist||||||||\u00bb header_6_font_size=\u00bb16px\u00bb header_6_line_height=\u00bb1.4em\u00bb custom_margin=\u00bb||10px||false|false\u00bb text_font_size_tablet=\u00bb15px\u00bb text_font_size_phone=\u00bb14px\u00bb text_font_size_last_edited=\u00bbon|desktop\u00bb quote_font_size_tablet=\u00bb20px\u00bb quote_font_size_phone=\u00bb16px\u00bb quote_font_size_last_edited=\u00bbon|desktop\u00bb header_font_size_tablet=\u00bb40px\u00bb header_font_size_phone=\u00bb24px\u00bb header_font_size_last_edited=\u00bbon|desktop\u00bb header_2_font_size_tablet=\u00bb32px\u00bb header_2_font_size_phone=\u00bb20px\u00bb header_2_font_size_last_edited=\u00bbon|desktop\u00bb header_3_font_size_tablet=\u00bb24px\u00bb header_3_font_size_phone=\u00bb18px\u00bb header_3_font_size_last_edited=\u00bbon|desktop\u00bb header_4_font_size_tablet=\u00bb20px\u00bb header_4_font_size_phone=\u00bb16px\u00bb header_4_font_size_last_edited=\u00bbon|desktop\u00bb header_5_font_size_tablet=\u00bb18px\u00bb header_5_font_size_phone=\u00bb15px\u00bb header_5_font_size_last_edited=\u00bbon|desktop\u00bb header_6_font_size_tablet=\u00bb15px\u00bb header_6_font_size_phone=\u00bb14px\u00bb header_6_font_size_last_edited=\u00bbon|desktop\u00bb global_colors_info=\u00bb{}\u00bb]<\/p>\n<p style=\"text-align: left;\"><span>Un recorrido fascinante por destinos emblem\u00e1ticos que combinan tradici\u00f3n y belleza: Ankara, Capadocia, Pamukkale, \u00c9feso, Bursa y Estambul, junto a la magia de Tailandia con Bangkok (Gran Palacio), Chiang Rai y Chiang Mai. Un viaje completo que une historia milenaria, culturas vibrantes y experiencias inolvidables en dos continentes.<\/span><\/p>\n<p>[\/et_pb_text][et_pb_heading title=\u00bbCOTIZAR\u00bb _builder_version=\u00bb4.27.0&#8243; _module_preset=\u00bb_initial\u00bb title_level=\u00bbh4&#8243; title_font=\u00bbUrbanist|700||on|||||\u00bb title_text_color=\u00bbgcid-1f1b4e15-7cc6-4e13-8154-74d77a956460&#8243; title_font_size=\u00bb14px\u00bb title_letter_spacing=\u00bb0.2em\u00bb title_line_height=\u00bb1.6em\u00bb custom_margin=\u00bb||10px||false|false\u00bb hover_enabled=\u00bb0&#8243; title_font_size_tablet=\u00bb14px\u00bb title_font_size_phone=\u00bb13px\u00bb title_font_size_last_edited=\u00bbon|desktop\u00bb global_colors_info=\u00bb{%22gcid-1f1b4e15-7cc6-4e13-8154-74d77a956460%22:%91%22title_text_color%22%93}\u00bb sticky_enabled=\u00bb0&#8243;][\/et_pb_heading][et_pb_button button_url=\u00bbhttps:\/\/travelonline.cl\/?product=triangulo-de-oro\u00bb url_new_window=\u00bbon\u00bb button_text=\u00bbVer M\u00e1s\u00bb _builder_version=\u00bb4.27.0&#8243; _module_preset=\u00bb_initial\u00bb custom_button=\u00bbon\u00bb button_text_size=\u00bb14px\u00bb button_text_color=\u00bb#0047ff\u00bb button_bg_color=\u00bbRGBA(255,255,255,0)\u00bb button_border_color=\u00bb#0047ff\u00bb button_border_radius=\u00bb50px\u00bb button_letter_spacing=\u00bb0.16em\u00bb button_font=\u00bbInter|700||on|||||\u00bb button_icon=\u00bb&#x24;||divi||400&#8243; button_on_hover=\u00bboff\u00bb custom_padding=\u00bb16px|50px|16px|40px|true|false\u00bb hover_enabled=\u00bb0&#8243; global_colors_info=\u00bb{}\u00bb sticky_enabled=\u00bb0&#8243;][\/et_pb_button][\/et_pb_column][\/et_pb_row][\/et_pb_section][et_pb_section fb_built=\u00bb1&#8243; admin_label=\u00bbPrograms\u00bb _builder_version=\u00bb4.27.0&#8243; _module_preset=\u00bb_initial\u00bb locked=\u00bboff\u00bb collapsed=\u00bbon\u00bb global_colors_info=\u00bb{}\u00bb][et_pb_row _builder_version=\u00bb4.25.1&#8243; _module_preset=\u00bbdefault\u00bb global_colors_info=\u00bb{}\u00bb][et_pb_column type=\u00bb4_4&#8243; _builder_version=\u00bb4.25.1&#8243; _module_preset=\u00bb_initial\u00bb global_colors_info=\u00bb{}\u00bb][et_pb_heading title=\u00bbProgramas de Vacaciones\u00bb _builder_version=\u00bb4.27.0&#8243; _module_preset=\u00bb_initial\u00bb title_level=\u00bbh4&#8243; title_font=\u00bbUrbanist|700||on|||||\u00bb title_text_color=\u00bbgcid-1f1b4e15-7cc6-4e13-8154-74d77a956460&#8243; title_font_size=\u00bb14px\u00bb title_letter_spacing=\u00bb0.2em\u00bb title_line_height=\u00bb1.6em\u00bb custom_margin=\u00bb||0px||false|false\u00bb title_font_size_tablet=\u00bb14px\u00bb title_font_size_phone=\u00bb13px\u00bb title_font_size_last_edited=\u00bbon|desktop\u00bb global_colors_info=\u00bb{%22gcid-1f1b4e15-7cc6-4e13-8154-74d77a956460%22:%91%22title_text_color%22%93}\u00bb][\/et_pb_heading][et_pb_heading title=\u00bbSistema TODO INCLUIDO\u00bb _builder_version=\u00bb4.27.0&#8243; _module_preset=\u00bb_initial\u00bb title_level=\u00bbh2&#8243; title_font=\u00bbUrbanist||||||||\u00bb title_font_size=\u00bb52px\u00bb title_line_height=\u00bb1.2em\u00bb title_font_size_tablet=\u00bb32px\u00bb title_font_size_phone=\u00bb20px\u00bb title_font_size_last_edited=\u00bbon|desktop\u00bb global_colors_info=\u00bb{}\u00bb][\/et_pb_heading][\/et_pb_column][\/et_pb_row][et_pb_row column_structure=\u00bb1_3,1_3,1_3&#8243; _builder_version=\u00bb4.25.1&#8243; _module_preset=\u00bbdefault\u00bb global_colors_info=\u00bb{}\u00bb][et_pb_column type=\u00bb1_3&#8243; _builder_version=\u00bb4.25.1&#8243; _module_preset=\u00bb_initial\u00bb global_colors_info=\u00bb{}\u00bb][et_pb_image src=\u00bbhttps:\/\/travelonline.cl\/wp-content\/uploads\/2024\/09\/VARADERO.png\u00bb title_text=\u00bbVARADERO\u00bb _builder_version=\u00bb4.27.0&#8243; _module_preset=\u00bb_initial\u00bb custom_margin=\u00bb||||false|false\u00bb border_radii=\u00bbon|30px|30px|30px|30px\u00bb global_colors_info=\u00bb{}\u00bb][\/et_pb_image][et_pb_heading title=\u00bbVARADERO\u00bb _builder_version=\u00bb4.27.0&#8243; _module_preset=\u00bb_initial\u00bb title_level=\u00bbh4&#8243; title_font=\u00bbUrbanist||||||||\u00bb title_font_size=\u00bb24px\u00bb title_line_height=\u00bb1.3em\u00bb custom_margin=\u00bb||0px||false|false\u00bb title_font_size_tablet=\u00bb20px\u00bb title_font_size_phone=\u00bb16px\u00bb title_font_size_last_edited=\u00bbon|desktop\u00bb global_colors_info=\u00bb{}\u00bb][\/et_pb_heading][et_pb_text quote_border_color=\u00bb#0047ff\u00bb _builder_version=\u00bb4.27.0&#8243; _module_preset=\u00bb_initial\u00bb text_font=\u00bbInter||||||||\u00bb text_font_size=\u00bb16px\u00bb text_line_height=\u00bb1.8em\u00bb link_text_color=\u00bb#0047ff\u00bb ul_line_height=\u00bb1.8em\u00bb ol_line_height=\u00bb1.8em\u00bb quote_font=\u00bbUrbanist||||||||\u00bb quote_text_color=\u00bb#0047ff\u00bb quote_font_size=\u00bb24px\u00bb quote_line_height=\u00bb1.3em\u00bb header_font=\u00bbUrbanist||||||||\u00bb header_font_size=\u00bb72px\u00bb header_line_height=\u00bb1.1em\u00bb header_2_font=\u00bbUrbanist||||||||\u00bb header_2_font_size=\u00bb52px\u00bb header_2_line_height=\u00bb1.2em\u00bb header_3_font=\u00bbUrbanist||||||||\u00bb header_3_font_size=\u00bb36px\u00bb header_3_line_height=\u00bb1.2em\u00bb header_4_font=\u00bbUrbanist||||||||\u00bb header_4_font_size=\u00bb24px\u00bb header_4_line_height=\u00bb1.3em\u00bb header_5_font=\u00bbUrbanist||||||||\u00bb header_5_font_size=\u00bb20px\u00bb header_5_line_height=\u00bb1.4em\u00bb header_6_font=\u00bbUrbanist||||||||\u00bb header_6_font_size=\u00bb16px\u00bb header_6_line_height=\u00bb1.4em\u00bb custom_margin=\u00bb||10px||false|false\u00bb text_font_size_tablet=\u00bb15px\u00bb text_font_size_phone=\u00bb14px\u00bb text_font_size_last_edited=\u00bbon|desktop\u00bb quote_font_size_tablet=\u00bb20px\u00bb quote_font_size_phone=\u00bb16px\u00bb quote_font_size_last_edited=\u00bbon|desktop\u00bb header_font_size_tablet=\u00bb40px\u00bb header_font_size_phone=\u00bb24px\u00bb header_font_size_last_edited=\u00bbon|desktop\u00bb header_2_font_size_tablet=\u00bb32px\u00bb header_2_font_size_phone=\u00bb20px\u00bb header_2_font_size_last_edited=\u00bbon|desktop\u00bb header_3_font_size_tablet=\u00bb24px\u00bb header_3_font_size_phone=\u00bb18px\u00bb header_3_font_size_last_edited=\u00bbon|desktop\u00bb header_4_font_size_tablet=\u00bb20px\u00bb header_4_font_size_phone=\u00bb16px\u00bb header_4_font_size_last_edited=\u00bbon|desktop\u00bb header_5_font_size_tablet=\u00bb18px\u00bb header_5_font_size_phone=\u00bb15px\u00bb header_5_font_size_last_edited=\u00bbon|desktop\u00bb header_6_font_size_tablet=\u00bb15px\u00bb header_6_font_size_phone=\u00bb14px\u00bb header_6_font_size_last_edited=\u00bbon|desktop\u00bb global_colors_info=\u00bb{}\u00bb custom_padding=\u00bb||0px|||\u00bb]<\/p>\n<p style=\"text-align: left;\">Descubre Varadero, un para\u00edso caribe\u00f1o con playas de arena blanca y aguas turquesas, ideal para relajarte y disfrutar de actividades acu\u00e1ticas.<br \/>\u00a1Tu escapada so\u00f1ada te espera en este destino de ensue\u00f1o!<\/p>\n<p>[\/et_pb_text][et_pb_heading title=\u00bbCOTIZAR\u00bb _builder_version=\u00bb4.27.0&#8243; _module_preset=\u00bb_initial\u00bb title_level=\u00bbh4&#8243; title_font=\u00bbUrbanist|700||on|||||\u00bb title_text_color=\u00bbgcid-1f1b4e15-7cc6-4e13-8154-74d77a956460&#8243; title_font_size=\u00bb14px\u00bb title_letter_spacing=\u00bb0.2em\u00bb title_line_height=\u00bb1.6em\u00bb custom_margin=\u00bb||10px||false|false\u00bb title_font_size_tablet=\u00bb14px\u00bb title_font_size_phone=\u00bb13px\u00bb title_font_size_last_edited=\u00bbon|desktop\u00bb global_colors_info=\u00bb{%22gcid-1f1b4e15-7cc6-4e13-8154-74d77a956460%22:%91%22title_text_color%22%93}\u00bb][\/et_pb_heading][et_pb_button button_url=\u00bbhttps:\/\/travelonline.cl\/?product=varadero-todo-incluido\u00bb url_new_window=\u00bbon\u00bb button_text=\u00bbVer M\u00e1s\u00bb _builder_version=\u00bb4.27.0&#8243; _module_preset=\u00bb_initial\u00bb custom_button=\u00bbon\u00bb button_text_size=\u00bb14px\u00bb button_text_color=\u00bb#0047ff\u00bb button_bg_color=\u00bbRGBA(255,255,255,0)\u00bb button_border_color=\u00bb#0047ff\u00bb button_border_radius=\u00bb50px\u00bb button_letter_spacing=\u00bb0.16em\u00bb button_font=\u00bbInter|700||on|||||\u00bb button_icon=\u00bb&#x24;||divi||400&#8243; button_on_hover=\u00bboff\u00bb custom_padding=\u00bb16px|50px|16px|40px|true|false\u00bb global_colors_info=\u00bb{}\u00bb][\/et_pb_button][\/et_pb_column][et_pb_column type=\u00bb1_3&#8243; _builder_version=\u00bb4.27.0&#8243; _module_preset=\u00bbdefault\u00bb global_colors_info=\u00bb{}\u00bb][et_pb_image src=\u00bbhttps:\/\/travelonline.cl\/wp-content\/uploads\/2024\/09\/CANCUN.png\u00bb title_text=\u00bbCANC\u00daN\u00bb _builder_version=\u00bb4.27.0&#8243; _module_preset=\u00bb_initial\u00bb custom_margin=\u00bb||||false|false\u00bb border_radii=\u00bbon|30px|30px|30px|30px\u00bb global_colors_info=\u00bb{}\u00bb][\/et_pb_image][et_pb_heading title=\u00bbCANC\u00daN\u00bb _builder_version=\u00bb4.27.0&#8243; _module_preset=\u00bb_initial\u00bb title_level=\u00bbh4&#8243; title_font=\u00bbUrbanist||||||||\u00bb title_font_size=\u00bb24px\u00bb title_line_height=\u00bb1.3em\u00bb custom_margin=\u00bb||0px||false|false\u00bb title_font_size_tablet=\u00bb20px\u00bb title_font_size_phone=\u00bb16px\u00bb title_font_size_last_edited=\u00bbon|desktop\u00bb global_colors_info=\u00bb{}\u00bb][\/et_pb_heading][et_pb_text quote_border_color=\u00bb#0047ff\u00bb _builder_version=\u00bb4.27.0&#8243; _module_preset=\u00bb_initial\u00bb text_font=\u00bbInter||||||||\u00bb text_font_size=\u00bb16px\u00bb text_line_height=\u00bb1.8em\u00bb link_text_color=\u00bb#0047ff\u00bb ul_line_height=\u00bb1.8em\u00bb ol_line_height=\u00bb1.8em\u00bb quote_font=\u00bbUrbanist||||||||\u00bb quote_text_color=\u00bb#0047ff\u00bb quote_font_size=\u00bb24px\u00bb quote_line_height=\u00bb1.3em\u00bb header_font=\u00bbUrbanist||||||||\u00bb header_font_size=\u00bb72px\u00bb header_line_height=\u00bb1.1em\u00bb header_2_font=\u00bbUrbanist||||||||\u00bb header_2_font_size=\u00bb52px\u00bb header_2_line_height=\u00bb1.2em\u00bb header_3_font=\u00bbUrbanist||||||||\u00bb header_3_font_size=\u00bb36px\u00bb header_3_line_height=\u00bb1.2em\u00bb header_4_font=\u00bbUrbanist||||||||\u00bb header_4_font_size=\u00bb24px\u00bb header_4_line_height=\u00bb1.3em\u00bb header_5_font=\u00bbUrbanist||||||||\u00bb header_5_font_size=\u00bb20px\u00bb header_5_line_height=\u00bb1.4em\u00bb header_6_font=\u00bbUrbanist||||||||\u00bb header_6_font_size=\u00bb16px\u00bb header_6_line_height=\u00bb1.4em\u00bb custom_margin=\u00bb||10px||false|false\u00bb text_font_size_tablet=\u00bb15px\u00bb text_font_size_phone=\u00bb14px\u00bb text_font_size_last_edited=\u00bbon|desktop\u00bb quote_font_size_tablet=\u00bb20px\u00bb quote_font_size_phone=\u00bb16px\u00bb quote_font_size_last_edited=\u00bbon|desktop\u00bb header_font_size_tablet=\u00bb40px\u00bb header_font_size_phone=\u00bb24px\u00bb header_font_size_last_edited=\u00bbon|desktop\u00bb header_2_font_size_tablet=\u00bb32px\u00bb header_2_font_size_phone=\u00bb20px\u00bb header_2_font_size_last_edited=\u00bbon|desktop\u00bb header_3_font_size_tablet=\u00bb24px\u00bb header_3_font_size_phone=\u00bb18px\u00bb header_3_font_size_last_edited=\u00bbon|desktop\u00bb header_4_font_size_tablet=\u00bb20px\u00bb header_4_font_size_phone=\u00bb16px\u00bb header_4_font_size_last_edited=\u00bbon|desktop\u00bb header_5_font_size_tablet=\u00bb18px\u00bb header_5_font_size_phone=\u00bb15px\u00bb header_5_font_size_last_edited=\u00bbon|desktop\u00bb header_6_font_size_tablet=\u00bb15px\u00bb header_6_font_size_phone=\u00bb14px\u00bb header_6_font_size_last_edited=\u00bbon|desktop\u00bb global_colors_info=\u00bb{}\u00bb]<\/p>\n<p style=\"text-align: left;\">Disfruta de Canc\u00fan, un para\u00edso tropical con playas de arena blanca y una vibrante vida nocturna. \u00a1Tu aventura caribe\u00f1a comienza aqu\u00ed!<\/p>\n<p>[\/et_pb_text][et_pb_heading title=\u00bbCOTIZAR \u00bb _builder_version=\u00bb4.27.0&#8243; _module_preset=\u00bb_initial\u00bb title_level=\u00bbh4&#8243; title_font=\u00bbUrbanist|700||on|||||\u00bb title_text_color=\u00bbgcid-1f1b4e15-7cc6-4e13-8154-74d77a956460&#8243; title_font_size=\u00bb14px\u00bb title_letter_spacing=\u00bb0.2em\u00bb title_line_height=\u00bb1.6em\u00bb custom_margin=\u00bb||10px||false|false\u00bb title_font_size_tablet=\u00bb14px\u00bb title_font_size_phone=\u00bb13px\u00bb title_font_size_last_edited=\u00bbon|desktop\u00bb locked=\u00bboff\u00bb global_colors_info=\u00bb{%22gcid-1f1b4e15-7cc6-4e13-8154-74d77a956460%22:%91%22title_text_color%22%93}\u00bb][\/et_pb_heading][et_pb_button button_url=\u00bbhttps:\/\/travelonline.cl\/?product=cancun-todo-incluido\u00bb url_new_window=\u00bbon\u00bb button_text=\u00bbVer M\u00e1s\u00bb _builder_version=\u00bb4.27.0&#8243; _module_preset=\u00bb_initial\u00bb custom_button=\u00bbon\u00bb button_text_size=\u00bb14px\u00bb button_text_color=\u00bb#0047ff\u00bb button_bg_color=\u00bbRGBA(255,255,255,0)\u00bb button_border_color=\u00bb#0047ff\u00bb button_border_radius=\u00bb50px\u00bb button_letter_spacing=\u00bb0.16em\u00bb button_font=\u00bbInter|700||on|||||\u00bb button_icon=\u00bb&#x24;||divi||400&#8243; button_on_hover=\u00bboff\u00bb custom_padding=\u00bb16px|50px|16px|40px|true|false\u00bb global_colors_info=\u00bb{}\u00bb][\/et_pb_button][\/et_pb_column][et_pb_column type=\u00bb1_3&#8243; _builder_version=\u00bb4.27.0&#8243; _module_preset=\u00bbdefault\u00bb global_colors_info=\u00bb{}\u00bb][et_pb_image src=\u00bbhttps:\/\/travelonline.cl\/wp-content\/uploads\/2024\/09\/PUNTA-CANA.png\u00bb title_text=\u00bbPUNTA CANA\u00bb _builder_version=\u00bb4.27.0&#8243; _module_preset=\u00bb_initial\u00bb custom_margin=\u00bb||||false|false\u00bb border_radii=\u00bbon|30px|30px|30px|30px\u00bb global_colors_info=\u00bb{}\u00bb][\/et_pb_image][et_pb_heading title=\u00bbPUNTA CANA\u00bb _builder_version=\u00bb4.27.0&#8243; _module_preset=\u00bb_initial\u00bb title_level=\u00bbh4&#8243; title_font=\u00bbUrbanist||||||||\u00bb title_font_size=\u00bb24px\u00bb title_line_height=\u00bb1.3em\u00bb custom_margin=\u00bb||0px||false|false\u00bb title_font_size_tablet=\u00bb20px\u00bb title_font_size_phone=\u00bb16px\u00bb title_font_size_last_edited=\u00bbon|desktop\u00bb global_colors_info=\u00bb{}\u00bb][\/et_pb_heading][et_pb_text quote_border_color=\u00bb#0047ff\u00bb _builder_version=\u00bb4.27.0&#8243; _module_preset=\u00bb_initial\u00bb text_font=\u00bbInter||||||||\u00bb text_font_size=\u00bb16px\u00bb text_line_height=\u00bb1.8em\u00bb link_text_color=\u00bb#0047ff\u00bb ul_line_height=\u00bb1.8em\u00bb ol_line_height=\u00bb1.8em\u00bb quote_font=\u00bbUrbanist||||||||\u00bb quote_text_color=\u00bb#0047ff\u00bb quote_font_size=\u00bb24px\u00bb quote_line_height=\u00bb1.3em\u00bb header_font=\u00bbUrbanist||||||||\u00bb header_font_size=\u00bb72px\u00bb header_line_height=\u00bb1.1em\u00bb header_2_font=\u00bbUrbanist||||||||\u00bb header_2_font_size=\u00bb52px\u00bb header_2_line_height=\u00bb1.2em\u00bb header_3_font=\u00bbUrbanist||||||||\u00bb header_3_font_size=\u00bb36px\u00bb header_3_line_height=\u00bb1.2em\u00bb header_4_font=\u00bbUrbanist||||||||\u00bb header_4_font_size=\u00bb24px\u00bb header_4_line_height=\u00bb1.3em\u00bb header_5_font=\u00bbUrbanist||||||||\u00bb header_5_font_size=\u00bb20px\u00bb header_5_line_height=\u00bb1.4em\u00bb header_6_font=\u00bbUrbanist||||||||\u00bb header_6_font_size=\u00bb16px\u00bb header_6_line_height=\u00bb1.4em\u00bb custom_margin=\u00bb||10px||false|false\u00bb text_font_size_tablet=\u00bb15px\u00bb text_font_size_phone=\u00bb14px\u00bb text_font_size_last_edited=\u00bbon|desktop\u00bb quote_font_size_tablet=\u00bb20px\u00bb quote_font_size_phone=\u00bb16px\u00bb quote_font_size_last_edited=\u00bbon|desktop\u00bb header_font_size_tablet=\u00bb40px\u00bb header_font_size_phone=\u00bb24px\u00bb header_font_size_last_edited=\u00bbon|desktop\u00bb header_2_font_size_tablet=\u00bb32px\u00bb header_2_font_size_phone=\u00bb20px\u00bb header_2_font_size_last_edited=\u00bbon|desktop\u00bb header_3_font_size_tablet=\u00bb24px\u00bb header_3_font_size_phone=\u00bb18px\u00bb header_3_font_size_last_edited=\u00bbon|desktop\u00bb header_4_font_size_tablet=\u00bb20px\u00bb header_4_font_size_phone=\u00bb16px\u00bb header_4_font_size_last_edited=\u00bbon|desktop\u00bb header_5_font_size_tablet=\u00bb18px\u00bb header_5_font_size_phone=\u00bb15px\u00bb header_5_font_size_last_edited=\u00bbon|desktop\u00bb header_6_font_size_tablet=\u00bb15px\u00bb header_6_font_size_phone=\u00bb14px\u00bb header_6_font_size_last_edited=\u00bbon|desktop\u00bb global_colors_info=\u00bb{}\u00bb]<\/p>\n<p style=\"text-align: left;\">Rel\u00e1jate en las playas de ensue\u00f1o de Punta Cana, el destino perfecto para disfrutar del sol, mar y resorts todo incluido.<\/p>\n<p>[\/et_pb_text][et_pb_heading title=\u00bbCOTIZAR\u00bb _builder_version=\u00bb4.27.0&#8243; _module_preset=\u00bb_initial\u00bb title_level=\u00bbh4&#8243; title_font=\u00bbUrbanist|700||on|||||\u00bb title_text_color=\u00bbgcid-1f1b4e15-7cc6-4e13-8154-74d77a956460&#8243; title_font_size=\u00bb14px\u00bb title_letter_spacing=\u00bb0.2em\u00bb title_line_height=\u00bb1.6em\u00bb custom_margin=\u00bb||10px||false|false\u00bb title_font_size_tablet=\u00bb14px\u00bb title_font_size_phone=\u00bb13px\u00bb title_font_size_last_edited=\u00bbon|desktop\u00bb locked=\u00bboff\u00bb global_colors_info=\u00bb{%22gcid-1f1b4e15-7cc6-4e13-8154-74d77a956460%22:%91%22title_text_color%22%93}\u00bb][\/et_pb_heading][et_pb_button button_url=\u00bbhttps:\/\/travelonline.cl\/?product=punta-cana-todo-incluido\u00bb url_new_window=\u00bbon\u00bb button_text=\u00bbVer M\u00e1s\u00bb _builder_version=\u00bb4.27.0&#8243; _module_preset=\u00bb_initial\u00bb custom_button=\u00bbon\u00bb button_text_size=\u00bb14px\u00bb button_text_color=\u00bb#0047ff\u00bb button_bg_color=\u00bbRGBA(255,255,255,0)\u00bb button_border_color=\u00bb#0047ff\u00bb button_border_radius=\u00bb50px\u00bb button_letter_spacing=\u00bb0.16em\u00bb button_font=\u00bbInter|700||on|||||\u00bb button_icon=\u00bb&#x24;||divi||400&#8243; button_on_hover=\u00bboff\u00bb custom_padding=\u00bb16px|50px|16px|40px|true|false\u00bb global_colors_info=\u00bb{}\u00bb][\/et_pb_button][\/et_pb_column][\/et_pb_row][et_pb_row column_structure=\u00bb1_4,1_4,1_4,1_4&#8243; _builder_version=\u00bb4.27.0&#8243; _module_preset=\u00bbdefault\u00bb global_colors_info=\u00bb{}\u00bb][et_pb_column type=\u00bb1_4&#8243; _builder_version=\u00bb4.25.1&#8243; _module_preset=\u00bb_initial\u00bb global_colors_info=\u00bb{}\u00bb][et_pb_image src=\u00bbhttps:\/\/travelonline.cl\/wp-content\/uploads\/2024\/09\/BUZIOS.png\u00bb title_text=\u00bbB\u00daZIOS\u00bb _builder_version=\u00bb4.27.0&#8243; _module_preset=\u00bb_initial\u00bb custom_margin=\u00bb||||false|false\u00bb border_radii=\u00bbon|30px|30px|30px|30px\u00bb global_colors_info=\u00bb{}\u00bb][\/et_pb_image][et_pb_heading title=\u00bbB\u00daZIOS\u00bb _builder_version=\u00bb4.27.0&#8243; _module_preset=\u00bb_initial\u00bb title_level=\u00bbh4&#8243; title_font=\u00bbUrbanist||||||||\u00bb title_font_size=\u00bb24px\u00bb title_line_height=\u00bb1.3em\u00bb custom_margin=\u00bb||0px||false|false\u00bb title_font_size_tablet=\u00bb20px\u00bb title_font_size_phone=\u00bb16px\u00bb title_font_size_last_edited=\u00bbon|desktop\u00bb global_colors_info=\u00bb{}\u00bb][\/et_pb_heading][et_pb_text quote_border_color=\u00bb#0047ff\u00bb _builder_version=\u00bb4.27.0&#8243; _module_preset=\u00bb_initial\u00bb text_font=\u00bbInter||||||||\u00bb text_font_size=\u00bb16px\u00bb text_line_height=\u00bb1.8em\u00bb link_text_color=\u00bb#0047ff\u00bb ul_line_height=\u00bb1.8em\u00bb ol_line_height=\u00bb1.8em\u00bb quote_font=\u00bbUrbanist||||||||\u00bb quote_text_color=\u00bb#0047ff\u00bb quote_font_size=\u00bb24px\u00bb quote_line_height=\u00bb1.3em\u00bb header_font=\u00bbUrbanist||||||||\u00bb header_font_size=\u00bb72px\u00bb header_line_height=\u00bb1.1em\u00bb header_2_font=\u00bbUrbanist||||||||\u00bb header_2_font_size=\u00bb52px\u00bb header_2_line_height=\u00bb1.2em\u00bb header_3_font=\u00bbUrbanist||||||||\u00bb header_3_font_size=\u00bb36px\u00bb header_3_line_height=\u00bb1.2em\u00bb header_4_font=\u00bbUrbanist||||||||\u00bb header_4_font_size=\u00bb24px\u00bb header_4_line_height=\u00bb1.3em\u00bb header_5_font=\u00bbUrbanist||||||||\u00bb header_5_font_size=\u00bb20px\u00bb header_5_line_height=\u00bb1.4em\u00bb header_6_font=\u00bbUrbanist||||||||\u00bb header_6_font_size=\u00bb16px\u00bb header_6_line_height=\u00bb1.4em\u00bb custom_margin=\u00bb||10px||false|false\u00bb text_font_size_tablet=\u00bb15px\u00bb text_font_size_phone=\u00bb14px\u00bb text_font_size_last_edited=\u00bbon|desktop\u00bb quote_font_size_tablet=\u00bb20px\u00bb quote_font_size_phone=\u00bb16px\u00bb quote_font_size_last_edited=\u00bbon|desktop\u00bb header_font_size_tablet=\u00bb40px\u00bb header_font_size_phone=\u00bb24px\u00bb header_font_size_last_edited=\u00bbon|desktop\u00bb header_2_font_size_tablet=\u00bb32px\u00bb header_2_font_size_phone=\u00bb20px\u00bb header_2_font_size_last_edited=\u00bbon|desktop\u00bb header_3_font_size_tablet=\u00bb24px\u00bb header_3_font_size_phone=\u00bb18px\u00bb header_3_font_size_last_edited=\u00bbon|desktop\u00bb header_4_font_size_tablet=\u00bb20px\u00bb header_4_font_size_phone=\u00bb16px\u00bb header_4_font_size_last_edited=\u00bbon|desktop\u00bb header_5_font_size_tablet=\u00bb18px\u00bb header_5_font_size_phone=\u00bb15px\u00bb header_5_font_size_last_edited=\u00bbon|desktop\u00bb header_6_font_size_tablet=\u00bb15px\u00bb header_6_font_size_phone=\u00bb14px\u00bb header_6_font_size_last_edited=\u00bbon|desktop\u00bb global_colors_info=\u00bb{}\u00bb]<\/p>\n<p style=\"text-align: left;\">B\u00fazios, un encantador balneario en Brasil, es famoso por sus playas paradis\u00edacas, vida nocturna y encantadoras calles empedradas.<\/p>\n<p style=\"text-align: left;\">\u00a1Un destino ideal para desconectar!<\/p>\n<p>[\/et_pb_text][et_pb_heading title=\u00bbCOTIZAR\u00bb _builder_version=\u00bb4.27.0&#8243; _module_preset=\u00bb_initial\u00bb title_level=\u00bbh4&#8243; title_font=\u00bbUrbanist|700||on|||||\u00bb title_text_color=\u00bbgcid-1f1b4e15-7cc6-4e13-8154-74d77a956460&#8243; title_font_size=\u00bb14px\u00bb title_letter_spacing=\u00bb0.2em\u00bb title_line_height=\u00bb1.6em\u00bb custom_margin=\u00bb||10px||false|false\u00bb custom_padding=\u00bb|0px||||\u00bb title_font_size_tablet=\u00bb14px\u00bb title_font_size_phone=\u00bb13px\u00bb title_font_size_last_edited=\u00bbon|desktop\u00bb locked=\u00bboff\u00bb global_colors_info=\u00bb{%22gcid-1f1b4e15-7cc6-4e13-8154-74d77a956460%22:%91%22title_text_color%22%93}\u00bb][\/et_pb_heading][et_pb_button button_url=\u00bbhttps:\/\/travelonline.cl\/?product=buzios-todo-incluido\u00bb url_new_window=\u00bbon\u00bb button_text=\u00bbVer M\u00e1s\u00bb _builder_version=\u00bb4.27.0&#8243; _module_preset=\u00bb_initial\u00bb custom_button=\u00bbon\u00bb button_text_size=\u00bb14px\u00bb button_text_color=\u00bb#0047ff\u00bb button_bg_color=\u00bbRGBA(255,255,255,0)\u00bb button_border_color=\u00bb#0047ff\u00bb button_border_radius=\u00bb50px\u00bb button_letter_spacing=\u00bb0.16em\u00bb button_font=\u00bbInter|700||on|||||\u00bb button_icon=\u00bb&#x24;||divi||400&#8243; button_on_hover=\u00bboff\u00bb custom_padding=\u00bb16px|50px|16px|40px|true|false\u00bb global_colors_info=\u00bb{}\u00bb][\/et_pb_button][\/et_pb_column][et_pb_column type=\u00bb1_4&#8243; _builder_version=\u00bb4.27.0&#8243; _module_preset=\u00bbdefault\u00bb global_colors_info=\u00bb{}\u00bb][et_pb_image src=\u00bbhttps:\/\/travelonline.cl\/wp-content\/uploads\/2024\/09\/RIVIERA-MAYA.png\u00bb title_text=\u00bbRIVIERA MAYA\u00bb _builder_version=\u00bb4.27.0&#8243; _module_preset=\u00bb_initial\u00bb custom_margin=\u00bb||||false|false\u00bb border_radii=\u00bbon|30px|30px|30px|30px\u00bb global_colors_info=\u00bb{}\u00bb][\/et_pb_image][et_pb_heading title=\u00bbRIVIERA MAYA\u00bb _builder_version=\u00bb4.27.0&#8243; _module_preset=\u00bb_initial\u00bb title_level=\u00bbh4&#8243; title_font=\u00bbUrbanist||||||||\u00bb title_font_size=\u00bb24px\u00bb title_line_height=\u00bb1.3em\u00bb custom_margin=\u00bb||0px||false|false\u00bb title_font_size_tablet=\u00bb20px\u00bb title_font_size_phone=\u00bb16px\u00bb title_font_size_last_edited=\u00bbon|desktop\u00bb global_colors_info=\u00bb{}\u00bb][\/et_pb_heading][et_pb_text quote_border_color=\u00bb#0047ff\u00bb _builder_version=\u00bb4.27.0&#8243; _module_preset=\u00bb_initial\u00bb text_font=\u00bbInter||||||||\u00bb text_font_size=\u00bb16px\u00bb text_line_height=\u00bb1.8em\u00bb link_text_color=\u00bb#0047ff\u00bb ul_line_height=\u00bb1.8em\u00bb ol_line_height=\u00bb1.8em\u00bb quote_font=\u00bbUrbanist||||||||\u00bb quote_text_color=\u00bb#0047ff\u00bb quote_font_size=\u00bb24px\u00bb quote_line_height=\u00bb1.3em\u00bb header_font=\u00bbUrbanist||||||||\u00bb header_font_size=\u00bb72px\u00bb header_line_height=\u00bb1.1em\u00bb header_2_font=\u00bbUrbanist||||||||\u00bb header_2_font_size=\u00bb52px\u00bb header_2_line_height=\u00bb1.2em\u00bb header_3_font=\u00bbUrbanist||||||||\u00bb header_3_font_size=\u00bb36px\u00bb header_3_line_height=\u00bb1.2em\u00bb header_4_font=\u00bbUrbanist||||||||\u00bb header_4_font_size=\u00bb24px\u00bb header_4_line_height=\u00bb1.3em\u00bb header_5_font=\u00bbUrbanist||||||||\u00bb header_5_font_size=\u00bb20px\u00bb header_5_line_height=\u00bb1.4em\u00bb header_6_font=\u00bbUrbanist||||||||\u00bb header_6_font_size=\u00bb16px\u00bb header_6_line_height=\u00bb1.4em\u00bb custom_margin=\u00bb||10px||false|false\u00bb text_font_size_tablet=\u00bb15px\u00bb text_font_size_phone=\u00bb14px\u00bb text_font_size_last_edited=\u00bbon|desktop\u00bb quote_font_size_tablet=\u00bb20px\u00bb quote_font_size_phone=\u00bb16px\u00bb quote_font_size_last_edited=\u00bbon|desktop\u00bb header_font_size_tablet=\u00bb40px\u00bb header_font_size_phone=\u00bb24px\u00bb header_font_size_last_edited=\u00bbon|desktop\u00bb header_2_font_size_tablet=\u00bb32px\u00bb header_2_font_size_phone=\u00bb20px\u00bb header_2_font_size_last_edited=\u00bbon|desktop\u00bb header_3_font_size_tablet=\u00bb24px\u00bb header_3_font_size_phone=\u00bb18px\u00bb header_3_font_size_last_edited=\u00bbon|desktop\u00bb header_4_font_size_tablet=\u00bb20px\u00bb header_4_font_size_phone=\u00bb16px\u00bb header_4_font_size_last_edited=\u00bbon|desktop\u00bb header_5_font_size_tablet=\u00bb18px\u00bb header_5_font_size_phone=\u00bb15px\u00bb header_5_font_size_last_edited=\u00bbon|desktop\u00bb header_6_font_size_tablet=\u00bb15px\u00bb header_6_font_size_phone=\u00bb14px\u00bb header_6_font_size_last_edited=\u00bbon|desktop\u00bb global_colors_info=\u00bb{}\u00bb]<\/p>\n<p style=\"text-align: left;\">Sum\u00e9rgete en la Riviera Maya, un destino de playas paradis\u00edacas, impresionantes cenotes y cultura maya.<\/p>\n<p>[\/et_pb_text][et_pb_heading title=\u00bbCOTIZAR\u00bb _builder_version=\u00bb4.27.0&#8243; _module_preset=\u00bb_initial\u00bb title_level=\u00bbh4&#8243; title_font=\u00bbUrbanist|700||on|||||\u00bb title_text_color=\u00bbgcid-1f1b4e15-7cc6-4e13-8154-74d77a956460&#8243; title_font_size=\u00bb14px\u00bb title_letter_spacing=\u00bb0.2em\u00bb title_line_height=\u00bb1.6em\u00bb custom_margin=\u00bb||10px||false|false\u00bb custom_padding=\u00bb|0px||||\u00bb title_font_size_tablet=\u00bb14px\u00bb title_font_size_phone=\u00bb13px\u00bb title_font_size_last_edited=\u00bbon|desktop\u00bb locked=\u00bboff\u00bb global_colors_info=\u00bb{%22gcid-1f1b4e15-7cc6-4e13-8154-74d77a956460%22:%91%22title_text_color%22%93}\u00bb][\/et_pb_heading][et_pb_button button_url=\u00bbhttps:\/\/travelonline.cl\/?product=rivera-maya-todo-incluido\u00bb url_new_window=\u00bbon\u00bb button_text=\u00bbVer M\u00e1s\u00bb _builder_version=\u00bb4.27.0&#8243; _module_preset=\u00bb_initial\u00bb custom_button=\u00bbon\u00bb button_text_size=\u00bb14px\u00bb button_text_color=\u00bb#0047ff\u00bb button_bg_color=\u00bbRGBA(255,255,255,0)\u00bb button_border_color=\u00bb#0047ff\u00bb button_border_radius=\u00bb50px\u00bb button_letter_spacing=\u00bb0.16em\u00bb button_font=\u00bbInter|700||on|||||\u00bb button_icon=\u00bb&#x24;||divi||400&#8243; button_on_hover=\u00bboff\u00bb custom_padding=\u00bb16px|50px|16px|40px|true|false\u00bb global_colors_info=\u00bb{}\u00bb][\/et_pb_button][\/et_pb_column][et_pb_column type=\u00bb1_4&#8243; _builder_version=\u00bb4.27.0&#8243; _module_preset=\u00bbdefault\u00bb global_colors_info=\u00bb{}\u00bb][et_pb_image src=\u00bbhttps:\/\/travelonline.cl\/wp-content\/uploads\/2024\/09\/SAN-ANDRES.png\u00bb title_text=\u00bbSAN ANDR\u00c9S\u00bb _builder_version=\u00bb4.27.0&#8243; _module_preset=\u00bb_initial\u00bb custom_margin=\u00bb||||false|false\u00bb border_radii=\u00bbon|30px|30px|30px|30px\u00bb global_colors_info=\u00bb{}\u00bb][\/et_pb_image][et_pb_heading title=\u00bbSAN ANDR\u00c9S\u00bb _builder_version=\u00bb4.27.0&#8243; _module_preset=\u00bb_initial\u00bb title_level=\u00bbh4&#8243; title_font=\u00bbUrbanist||||||||\u00bb title_font_size=\u00bb24px\u00bb title_line_height=\u00bb1.3em\u00bb custom_margin=\u00bb||0px||false|false\u00bb title_font_size_tablet=\u00bb20px\u00bb title_font_size_phone=\u00bb16px\u00bb title_font_size_last_edited=\u00bbon|desktop\u00bb global_colors_info=\u00bb{}\u00bb][\/et_pb_heading][et_pb_text quote_border_color=\u00bb#0047ff\u00bb _builder_version=\u00bb4.27.0&#8243; _module_preset=\u00bb_initial\u00bb text_font=\u00bbInter||||||||\u00bb text_font_size=\u00bb16px\u00bb text_line_height=\u00bb1.8em\u00bb link_text_color=\u00bb#0047ff\u00bb ul_line_height=\u00bb1.8em\u00bb ol_line_height=\u00bb1.8em\u00bb quote_font=\u00bbUrbanist||||||||\u00bb quote_text_color=\u00bb#0047ff\u00bb quote_font_size=\u00bb24px\u00bb quote_line_height=\u00bb1.3em\u00bb header_font=\u00bbUrbanist||||||||\u00bb header_font_size=\u00bb72px\u00bb header_line_height=\u00bb1.1em\u00bb header_2_font=\u00bbUrbanist||||||||\u00bb header_2_font_size=\u00bb52px\u00bb header_2_line_height=\u00bb1.2em\u00bb header_3_font=\u00bbUrbanist||||||||\u00bb header_3_font_size=\u00bb36px\u00bb header_3_line_height=\u00bb1.2em\u00bb header_4_font=\u00bbUrbanist||||||||\u00bb header_4_font_size=\u00bb24px\u00bb header_4_line_height=\u00bb1.3em\u00bb header_5_font=\u00bbUrbanist||||||||\u00bb header_5_font_size=\u00bb20px\u00bb header_5_line_height=\u00bb1.4em\u00bb header_6_font=\u00bbUrbanist||||||||\u00bb header_6_font_size=\u00bb16px\u00bb header_6_line_height=\u00bb1.4em\u00bb custom_margin=\u00bb||10px||false|false\u00bb text_font_size_tablet=\u00bb15px\u00bb text_font_size_phone=\u00bb14px\u00bb text_font_size_last_edited=\u00bbon|desktop\u00bb quote_font_size_tablet=\u00bb20px\u00bb quote_font_size_phone=\u00bb16px\u00bb quote_font_size_last_edited=\u00bbon|desktop\u00bb header_font_size_tablet=\u00bb40px\u00bb header_font_size_phone=\u00bb24px\u00bb header_font_size_last_edited=\u00bbon|desktop\u00bb header_2_font_size_tablet=\u00bb32px\u00bb header_2_font_size_phone=\u00bb20px\u00bb header_2_font_size_last_edited=\u00bbon|desktop\u00bb header_3_font_size_tablet=\u00bb24px\u00bb header_3_font_size_phone=\u00bb18px\u00bb header_3_font_size_last_edited=\u00bbon|desktop\u00bb header_4_font_size_tablet=\u00bb20px\u00bb header_4_font_size_phone=\u00bb16px\u00bb header_4_font_size_last_edited=\u00bbon|desktop\u00bb header_5_font_size_tablet=\u00bb18px\u00bb header_5_font_size_phone=\u00bb15px\u00bb header_5_font_size_last_edited=\u00bbon|desktop\u00bb header_6_font_size_tablet=\u00bb15px\u00bb header_6_font_size_phone=\u00bb14px\u00bb header_6_font_size_last_edited=\u00bbon|desktop\u00bb global_colors_info=\u00bb{}\u00bb]<\/p>\n<p style=\"text-align: left;\">Vive la experiencia San Andr\u00e9s, un para\u00edso caribe\u00f1o con playas de ensue\u00f1o y un mar de colores \u00fanicos, ideal para unas vacaciones perfectas.<\/p>\n<p>[\/et_pb_text][et_pb_heading title=\u00bbCOTIZAR\u00bb _builder_version=\u00bb4.27.0&#8243; _module_preset=\u00bb_initial\u00bb title_level=\u00bbh4&#8243; title_font=\u00bbUrbanist|700||on|||||\u00bb title_text_color=\u00bbgcid-1f1b4e15-7cc6-4e13-8154-74d77a956460&#8243; title_font_size=\u00bb14px\u00bb title_letter_spacing=\u00bb0.2em\u00bb title_line_height=\u00bb1.6em\u00bb custom_margin=\u00bb||10px||false|false\u00bb custom_padding=\u00bb|0px||||\u00bb title_font_size_tablet=\u00bb14px\u00bb title_font_size_phone=\u00bb13px\u00bb title_font_size_last_edited=\u00bbon|desktop\u00bb global_colors_info=\u00bb{%22gcid-1f1b4e15-7cc6-4e13-8154-74d77a956460%22:%91%22title_text_color%22%93}\u00bb][\/et_pb_heading][et_pb_button button_url=\u00bbhttps:\/\/travelonline.cl\/?product=san-andres-todo-incluido\u00bb url_new_window=\u00bbon\u00bb button_text=\u00bbVer M\u00e1s\u00bb _builder_version=\u00bb4.27.0&#8243; _module_preset=\u00bb_initial\u00bb custom_button=\u00bbon\u00bb button_text_size=\u00bb14px\u00bb button_text_color=\u00bb#0047ff\u00bb button_bg_color=\u00bbRGBA(255,255,255,0)\u00bb button_border_color=\u00bb#0047ff\u00bb button_border_radius=\u00bb50px\u00bb button_letter_spacing=\u00bb0.16em\u00bb button_font=\u00bbInter|700||on|||||\u00bb button_icon=\u00bb&#x24;||divi||400&#8243; button_on_hover=\u00bboff\u00bb custom_padding=\u00bb16px|50px|16px|40px|true|false\u00bb global_colors_info=\u00bb{}\u00bb][\/et_pb_button][\/et_pb_column][et_pb_column type=\u00bb1_4&#8243; _builder_version=\u00bb4.27.0&#8243; _module_preset=\u00bbdefault\u00bb global_colors_info=\u00bb{}\u00bb][et_pb_image src=\u00bbhttps:\/\/travelonline.cl\/wp-content\/uploads\/2025\/01\/barcelona-4.png\u00bb title_text=\u00bbbarcelona\u00bb _builder_version=\u00bb4.27.0&#8243; _module_preset=\u00bb_initial\u00bb custom_margin=\u00bb||||false|false\u00bb border_radii=\u00bbon|30px|30px|30px|30px\u00bb global_colors_info=\u00bb{}\u00bb][\/et_pb_image][et_pb_heading title=\u00bbGRAN TOUR EUROPEO\u00bb _builder_version=\u00bb4.27.0&#8243; _module_preset=\u00bb_initial\u00bb title_level=\u00bbh4&#8243; title_font=\u00bbUrbanist||||||||\u00bb title_font_size=\u00bb24px\u00bb title_line_height=\u00bb1.3em\u00bb custom_margin=\u00bb||0px||false|false\u00bb title_font_size_tablet=\u00bb20px\u00bb title_font_size_phone=\u00bb16px\u00bb title_font_size_last_edited=\u00bbon|desktop\u00bb global_colors_info=\u00bb{}\u00bb][\/et_pb_heading][et_pb_text quote_border_color=\u00bb#0047ff\u00bb _builder_version=\u00bb4.27.0&#8243; _module_preset=\u00bb_initial\u00bb text_font=\u00bbInter||||||||\u00bb text_font_size=\u00bb16px\u00bb text_line_height=\u00bb1.8em\u00bb link_text_color=\u00bb#0047ff\u00bb ul_line_height=\u00bb1.8em\u00bb ol_line_height=\u00bb1.8em\u00bb quote_font=\u00bbUrbanist||||||||\u00bb quote_text_color=\u00bb#0047ff\u00bb quote_font_size=\u00bb24px\u00bb quote_line_height=\u00bb1.3em\u00bb header_font=\u00bbUrbanist||||||||\u00bb header_font_size=\u00bb72px\u00bb header_line_height=\u00bb1.1em\u00bb header_2_font=\u00bbUrbanist||||||||\u00bb header_2_font_size=\u00bb52px\u00bb header_2_line_height=\u00bb1.2em\u00bb header_3_font=\u00bbUrbanist||||||||\u00bb header_3_font_size=\u00bb36px\u00bb header_3_line_height=\u00bb1.2em\u00bb header_4_font=\u00bbUrbanist||||||||\u00bb header_4_font_size=\u00bb24px\u00bb header_4_line_height=\u00bb1.3em\u00bb header_5_font=\u00bbUrbanist||||||||\u00bb header_5_font_size=\u00bb20px\u00bb header_5_line_height=\u00bb1.4em\u00bb header_6_font=\u00bbUrbanist||||||||\u00bb header_6_font_size=\u00bb16px\u00bb header_6_line_height=\u00bb1.4em\u00bb custom_margin=\u00bb||10px||false|false\u00bb text_font_size_tablet=\u00bb15px\u00bb text_font_size_phone=\u00bb14px\u00bb text_font_size_last_edited=\u00bbon|desktop\u00bb quote_font_size_tablet=\u00bb20px\u00bb quote_font_size_phone=\u00bb16px\u00bb quote_font_size_last_edited=\u00bbon|desktop\u00bb header_font_size_tablet=\u00bb40px\u00bb header_font_size_phone=\u00bb24px\u00bb header_font_size_last_edited=\u00bbon|desktop\u00bb header_2_font_size_tablet=\u00bb32px\u00bb header_2_font_size_phone=\u00bb20px\u00bb header_2_font_size_last_edited=\u00bbon|desktop\u00bb header_3_font_size_tablet=\u00bb24px\u00bb header_3_font_size_phone=\u00bb18px\u00bb header_3_font_size_last_edited=\u00bbon|desktop\u00bb header_4_font_size_tablet=\u00bb20px\u00bb header_4_font_size_phone=\u00bb16px\u00bb header_4_font_size_last_edited=\u00bbon|desktop\u00bb header_5_font_size_tablet=\u00bb18px\u00bb header_5_font_size_phone=\u00bb15px\u00bb header_5_font_size_last_edited=\u00bbon|desktop\u00bb header_6_font_size_tablet=\u00bb15px\u00bb header_6_font_size_phone=\u00bb14px\u00bb header_6_font_size_last_edited=\u00bbon|desktop\u00bb global_colors_info=\u00bb{}\u00bb]<\/p>\n<p style=\"text-align: left;\"><span>Recorre Europa con este emocionante programa visitando Madrid, Burdeos, Blois, Par\u00eds, Lucerna, Z\u00farich, Verona, Venecia, Roma, Florencia, Pisa, Costa Azul, Barcelona, Zaragoza. Disfruta de la historia, el arte y la gastronom\u00eda en cada ciudad, y vive la magia de sus paisajes y tradiciones.<\/span><\/p>\n<p>[\/et_pb_text][et_pb_heading title=\u00bbCOTIZAR\u00bb _builder_version=\u00bb4.27.0&#8243; _module_preset=\u00bb_initial\u00bb title_level=\u00bbh4&#8243; title_font=\u00bbUrbanist|700||on|||||\u00bb title_text_color=\u00bbgcid-1f1b4e15-7cc6-4e13-8154-74d77a956460&#8243; title_font_size=\u00bb14px\u00bb title_letter_spacing=\u00bb0.2em\u00bb title_line_height=\u00bb1.6em\u00bb custom_margin=\u00bb||10px||false|false\u00bb title_font_size_tablet=\u00bb14px\u00bb title_font_size_phone=\u00bb13px\u00bb title_font_size_last_edited=\u00bbon|desktop\u00bb global_colors_info=\u00bb{%22gcid-1f1b4e15-7cc6-4e13-8154-74d77a956460%22:%91%22title_text_color%22%93}\u00bb][\/et_pb_heading][et_pb_button button_url=\u00bbhttps:\/\/travelonline.cl\/?product=gran-tour-europeo-todo-incluido\u00bb url_new_window=\u00bbon\u00bb button_text=\u00bbVer M\u00e1s\u00bb _builder_version=\u00bb4.27.0&#8243; _module_preset=\u00bb_initial\u00bb custom_button=\u00bbon\u00bb button_text_size=\u00bb14px\u00bb button_text_color=\u00bb#0047ff\u00bb button_bg_color=\u00bbRGBA(255,255,255,0)\u00bb button_border_color=\u00bb#0047ff\u00bb button_border_radius=\u00bb50px\u00bb button_letter_spacing=\u00bb0.16em\u00bb button_font=\u00bbInter|700||on|||||\u00bb button_icon=\u00bb&#x24;||divi||400&#8243; button_on_hover=\u00bboff\u00bb custom_padding=\u00bb16px|50px|16px|40px|true|false\u00bb global_colors_info=\u00bb{}\u00bb][\/et_pb_button][\/et_pb_column][\/et_pb_row][et_pb_row _builder_version=\u00bb4.27.0&#8243; _module_preset=\u00bbdefault\u00bb global_colors_info=\u00bb{}\u00bb][et_pb_column type=\u00bb4_4&#8243; _builder_version=\u00bb4.27.0&#8243; _module_preset=\u00bbdefault\u00bb global_colors_info=\u00bb{}\u00bb][et_pb_image src=\u00bbhttps:\/\/travelonline.cl\/wp-content\/uploads\/2025\/09\/Banners-Travel-Online-Chile-scaled.jpg\u00bb title_text=\u00bbBanners Travel Online Chile\u00bb _builder_version=\u00bb4.27.0&#8243; _module_preset=\u00bbdefault\u00bb global_colors_info=\u00bb{}\u00bb][\/et_pb_image][\/et_pb_column][\/et_pb_row][et_pb_row column_structure=\u00bb1_3,1_3,1_3&#8243; _builder_version=\u00bb4.25.1&#8243; _module_preset=\u00bbdefault\u00bb global_colors_info=\u00bb{}\u00bb][et_pb_column type=\u00bb1_3&#8243; _builder_version=\u00bb4.25.1&#8243; _module_preset=\u00bb_initial\u00bb global_colors_info=\u00bb{}\u00bb][et_pb_image src=\u00bbhttps:\/\/travelonline.cl\/wp-content\/uploads\/2025\/01\/san-andres.png\u00bb title_text=\u00bbsan andres\u00bb _builder_version=\u00bb4.27.0&#8243; _module_preset=\u00bb_initial\u00bb custom_margin=\u00bb||||false|false\u00bb border_radii=\u00bbon|30px|30px|30px|30px\u00bb global_colors_info=\u00bb{}\u00bb][\/et_pb_image][et_pb_heading title=\u00bbCaribe Rom\u00e1ntico: SAN ANDR\u00c9S\u00bb _builder_version=\u00bb4.27.0&#8243; _module_preset=\u00bb_initial\u00bb title_level=\u00bbh4&#8243; title_font=\u00bbUrbanist||||||||\u00bb title_font_size=\u00bb24px\u00bb title_line_height=\u00bb1.3em\u00bb custom_margin=\u00bb||0px||false|false\u00bb title_font_size_tablet=\u00bb20px\u00bb title_font_size_phone=\u00bb16px\u00bb title_font_size_last_edited=\u00bbon|desktop\u00bb global_colors_info=\u00bb{}\u00bb][\/et_pb_heading][et_pb_text quote_border_color=\u00bb#0047ff\u00bb _builder_version=\u00bb4.27.0&#8243; _module_preset=\u00bb_initial\u00bb text_font=\u00bbInter||||||||\u00bb text_font_size=\u00bb16px\u00bb text_line_height=\u00bb1.8em\u00bb link_text_color=\u00bb#0047ff\u00bb ul_line_height=\u00bb1.8em\u00bb ol_line_height=\u00bb1.8em\u00bb quote_font=\u00bbUrbanist||||||||\u00bb quote_text_color=\u00bb#0047ff\u00bb quote_font_size=\u00bb24px\u00bb quote_line_height=\u00bb1.3em\u00bb header_font=\u00bbUrbanist||||||||\u00bb header_font_size=\u00bb72px\u00bb header_line_height=\u00bb1.1em\u00bb header_2_font=\u00bbUrbanist||||||||\u00bb header_2_font_size=\u00bb52px\u00bb header_2_line_height=\u00bb1.2em\u00bb header_3_font=\u00bbUrbanist||||||||\u00bb header_3_font_size=\u00bb36px\u00bb header_3_line_height=\u00bb1.2em\u00bb header_4_font=\u00bbUrbanist||||||||\u00bb header_4_font_size=\u00bb24px\u00bb header_4_line_height=\u00bb1.3em\u00bb header_5_font=\u00bbUrbanist||||||||\u00bb header_5_font_size=\u00bb20px\u00bb header_5_line_height=\u00bb1.4em\u00bb header_6_font=\u00bbUrbanist||||||||\u00bb header_6_font_size=\u00bb16px\u00bb header_6_line_height=\u00bb1.4em\u00bb custom_margin=\u00bb||10px||false|false\u00bb text_font_size_tablet=\u00bb15px\u00bb text_font_size_phone=\u00bb14px\u00bb text_font_size_last_edited=\u00bbon|desktop\u00bb quote_font_size_tablet=\u00bb20px\u00bb quote_font_size_phone=\u00bb16px\u00bb quote_font_size_last_edited=\u00bbon|desktop\u00bb header_font_size_tablet=\u00bb40px\u00bb header_font_size_phone=\u00bb24px\u00bb header_font_size_last_edited=\u00bbon|desktop\u00bb header_2_font_size_tablet=\u00bb32px\u00bb header_2_font_size_phone=\u00bb20px\u00bb header_2_font_size_last_edited=\u00bbon|desktop\u00bb header_3_font_size_tablet=\u00bb24px\u00bb header_3_font_size_phone=\u00bb18px\u00bb header_3_font_size_last_edited=\u00bbon|desktop\u00bb header_4_font_size_tablet=\u00bb20px\u00bb header_4_font_size_phone=\u00bb16px\u00bb header_4_font_size_last_edited=\u00bbon|desktop\u00bb header_5_font_size_tablet=\u00bb18px\u00bb header_5_font_size_phone=\u00bb15px\u00bb header_5_font_size_last_edited=\u00bbon|desktop\u00bb header_6_font_size_tablet=\u00bb15px\u00bb header_6_font_size_phone=\u00bb14px\u00bb header_6_font_size_last_edited=\u00bbon|desktop\u00bb global_colors_info=\u00bb{}\u00bb]<\/p>\n<p style=\"text-align: justify;\">Disfruta del Caribe Rom\u00e1ntico en San Andr\u00e9s con este programa todo incluido para 2 pasajeros. Rel\u00e1jate en sus playas de arena blanca, explora el mar de los siete colores y vive momentos \u00fanicos en un entorno paradis\u00edaco. Perfecto para parejas que buscan romance y belleza tropical.<\/p>\n<p>[\/et_pb_text][et_pb_heading title=\u00bbCOTIZAR\u00bb _builder_version=\u00bb4.27.0&#8243; _module_preset=\u00bb_initial\u00bb title_level=\u00bbh4&#8243; title_font=\u00bbUrbanist|700||on|||||\u00bb title_text_color=\u00bbgcid-1f1b4e15-7cc6-4e13-8154-74d77a956460&#8243; title_font_size=\u00bb14px\u00bb title_letter_spacing=\u00bb0.2em\u00bb title_line_height=\u00bb1.6em\u00bb custom_margin=\u00bb||10px||false|false\u00bb title_font_size_tablet=\u00bb14px\u00bb title_font_size_phone=\u00bb13px\u00bb title_font_size_last_edited=\u00bbon|desktop\u00bb global_colors_info=\u00bb{%22gcid-1f1b4e15-7cc6-4e13-8154-74d77a956460%22:%91%22title_text_color%22%93}\u00bb][\/et_pb_heading][et_pb_button button_url=\u00bbhttps:\/\/travelonline.cl\/?product=caribe-romantico-san-andres-todo-incluido\u00bb url_new_window=\u00bbon\u00bb button_text=\u00bbVer M\u00e1s\u00bb _builder_version=\u00bb4.27.0&#8243; _module_preset=\u00bb_initial\u00bb custom_button=\u00bbon\u00bb button_text_size=\u00bb14px\u00bb button_text_color=\u00bb#0047ff\u00bb button_bg_color=\u00bbRGBA(255,255,255,0)\u00bb button_border_color=\u00bb#0047ff\u00bb button_border_radius=\u00bb50px\u00bb button_letter_spacing=\u00bb0.16em\u00bb button_font=\u00bbInter|700||on|||||\u00bb button_icon=\u00bb&#x24;||divi||400&#8243; button_on_hover=\u00bboff\u00bb custom_padding=\u00bb16px|50px|16px|40px|true|false\u00bb global_colors_info=\u00bb{}\u00bb][\/et_pb_button][\/et_pb_column][et_pb_column type=\u00bb1_3&#8243; _builder_version=\u00bb4.27.0&#8243; _module_preset=\u00bbdefault\u00bb global_colors_info=\u00bb{}\u00bb][et_pb_image src=\u00bbhttps:\/\/travelonline.cl\/wp-content\/uploads\/2025\/01\/cancun-1.png\u00bb title_text=\u00bbcancun\u00bb _builder_version=\u00bb4.27.0&#8243; _module_preset=\u00bb_initial\u00bb custom_margin=\u00bb||||false|false\u00bb border_radii=\u00bbon|30px|30px|30px|30px\u00bb global_colors_info=\u00bb{}\u00bb][\/et_pb_image][et_pb_heading title=\u00bbCaribe Rom\u00e1ntico: CANC\u00daN\u00bb _builder_version=\u00bb4.27.0&#8243; _module_preset=\u00bb_initial\u00bb title_level=\u00bbh4&#8243; title_font=\u00bbUrbanist||||||||\u00bb title_font_size=\u00bb24px\u00bb title_line_height=\u00bb1.3em\u00bb custom_margin=\u00bb||0px||false|false\u00bb title_font_size_tablet=\u00bb20px\u00bb title_font_size_phone=\u00bb16px\u00bb title_font_size_last_edited=\u00bbon|desktop\u00bb global_colors_info=\u00bb{}\u00bb][\/et_pb_heading][et_pb_text quote_border_color=\u00bb#0047ff\u00bb _builder_version=\u00bb4.27.0&#8243; _module_preset=\u00bb_initial\u00bb text_font=\u00bbInter||||||||\u00bb text_font_size=\u00bb16px\u00bb text_line_height=\u00bb1.8em\u00bb link_text_color=\u00bb#0047ff\u00bb ul_line_height=\u00bb1.8em\u00bb ol_line_height=\u00bb1.8em\u00bb quote_font=\u00bbUrbanist||||||||\u00bb quote_text_color=\u00bb#0047ff\u00bb quote_font_size=\u00bb24px\u00bb quote_line_height=\u00bb1.3em\u00bb header_font=\u00bbUrbanist||||||||\u00bb header_font_size=\u00bb72px\u00bb header_line_height=\u00bb1.1em\u00bb header_2_font=\u00bbUrbanist||||||||\u00bb header_2_font_size=\u00bb52px\u00bb header_2_line_height=\u00bb1.2em\u00bb header_3_font=\u00bbUrbanist||||||||\u00bb header_3_font_size=\u00bb36px\u00bb header_3_line_height=\u00bb1.2em\u00bb header_4_font=\u00bbUrbanist||||||||\u00bb header_4_font_size=\u00bb24px\u00bb header_4_line_height=\u00bb1.3em\u00bb header_5_font=\u00bbUrbanist||||||||\u00bb header_5_font_size=\u00bb20px\u00bb header_5_line_height=\u00bb1.4em\u00bb header_6_font=\u00bbUrbanist||||||||\u00bb header_6_font_size=\u00bb16px\u00bb header_6_line_height=\u00bb1.4em\u00bb custom_margin=\u00bb||10px||false|false\u00bb text_font_size_tablet=\u00bb15px\u00bb text_font_size_phone=\u00bb14px\u00bb text_font_size_last_edited=\u00bbon|desktop\u00bb quote_font_size_tablet=\u00bb20px\u00bb quote_font_size_phone=\u00bb16px\u00bb quote_font_size_last_edited=\u00bbon|desktop\u00bb header_font_size_tablet=\u00bb40px\u00bb header_font_size_phone=\u00bb24px\u00bb header_font_size_last_edited=\u00bbon|desktop\u00bb header_2_font_size_tablet=\u00bb32px\u00bb header_2_font_size_phone=\u00bb20px\u00bb header_2_font_size_last_edited=\u00bbon|desktop\u00bb header_3_font_size_tablet=\u00bb24px\u00bb header_3_font_size_phone=\u00bb18px\u00bb header_3_font_size_last_edited=\u00bbon|desktop\u00bb header_4_font_size_tablet=\u00bb20px\u00bb header_4_font_size_phone=\u00bb16px\u00bb header_4_font_size_last_edited=\u00bbon|desktop\u00bb header_5_font_size_tablet=\u00bb18px\u00bb header_5_font_size_phone=\u00bb15px\u00bb header_5_font_size_last_edited=\u00bbon|desktop\u00bb header_6_font_size_tablet=\u00bb15px\u00bb header_6_font_size_phone=\u00bb14px\u00bb header_6_font_size_last_edited=\u00bbon|desktop\u00bb global_colors_info=\u00bb{}\u00bb]<\/p>\n<p style=\"text-align: justify;\">Esc\u00e1pate al Caribe Rom\u00e1ntico en Canc\u00fan con este programa todo incluido para 2 pasajeros. Rel\u00e1jate en playas de arena blanca, disfruta de exquisitos sabores y vive experiencias \u00fanicas en un para\u00edso tropical. Ideal para parejas que buscan combinar romance y diversi\u00f3n en un destino espectacular.<\/p>\n<p>[\/et_pb_text][et_pb_heading title=\u00bbCOTIZAR\u00bb _builder_version=\u00bb4.27.0&#8243; _module_preset=\u00bb_initial\u00bb title_level=\u00bbh4&#8243; title_font=\u00bbUrbanist|700||on|||||\u00bb title_text_color=\u00bbgcid-1f1b4e15-7cc6-4e13-8154-74d77a956460&#8243; title_font_size=\u00bb14px\u00bb title_letter_spacing=\u00bb0.2em\u00bb title_line_height=\u00bb1.6em\u00bb custom_margin=\u00bb||10px||false|false\u00bb title_font_size_tablet=\u00bb14px\u00bb title_font_size_phone=\u00bb13px\u00bb title_font_size_last_edited=\u00bbon|desktop\u00bb locked=\u00bboff\u00bb global_colors_info=\u00bb{%22gcid-1f1b4e15-7cc6-4e13-8154-74d77a956460%22:%91%22title_text_color%22%93}\u00bb][\/et_pb_heading][et_pb_button button_url=\u00bbhttps:\/\/travelonline.cl\/?product=caribe-romantico-cancun-todo-incluido\u00bb url_new_window=\u00bbon\u00bb button_text=\u00bbVer M\u00e1s\u00bb _builder_version=\u00bb4.27.0&#8243; _module_preset=\u00bb_initial\u00bb custom_button=\u00bbon\u00bb button_text_size=\u00bb14px\u00bb button_text_color=\u00bb#0047ff\u00bb button_bg_color=\u00bbRGBA(255,255,255,0)\u00bb button_border_color=\u00bb#0047ff\u00bb button_border_radius=\u00bb50px\u00bb button_letter_spacing=\u00bb0.16em\u00bb button_font=\u00bbInter|700||on|||||\u00bb button_icon=\u00bb&#x24;||divi||400&#8243; button_on_hover=\u00bboff\u00bb custom_padding=\u00bb16px|50px|16px|40px|true|false\u00bb global_colors_info=\u00bb{}\u00bb][\/et_pb_button][\/et_pb_column][et_pb_column type=\u00bb1_3&#8243; _builder_version=\u00bb4.27.0&#8243; _module_preset=\u00bbdefault\u00bb global_colors_info=\u00bb{}\u00bb][et_pb_image src=\u00bbhttps:\/\/travelonline.cl\/wp-content\/uploads\/2025\/01\/punta-cana_-2.png\u00bb title_text=\u00bbpunta cana_\u00bb _builder_version=\u00bb4.27.0&#8243; _module_preset=\u00bb_initial\u00bb custom_margin=\u00bb||||false|false\u00bb border_radii=\u00bbon|30px|30px|30px|30px\u00bb global_colors_info=\u00bb{}\u00bb][\/et_pb_image][et_pb_heading title=\u00bbCaribe Rom\u00e1ntico: PUNTA CANA\u00bb _builder_version=\u00bb4.27.0&#8243; _module_preset=\u00bb_initial\u00bb title_level=\u00bbh4&#8243; title_font=\u00bbUrbanist||||||||\u00bb title_font_size=\u00bb24px\u00bb title_line_height=\u00bb1.3em\u00bb custom_margin=\u00bb||0px||false|false\u00bb title_font_size_tablet=\u00bb20px\u00bb title_font_size_phone=\u00bb16px\u00bb title_font_size_last_edited=\u00bbon|desktop\u00bb global_colors_info=\u00bb{}\u00bb][\/et_pb_heading][et_pb_text quote_border_color=\u00bb#0047ff\u00bb _builder_version=\u00bb4.27.0&#8243; _module_preset=\u00bb_initial\u00bb text_font=\u00bbInter||||||||\u00bb text_font_size=\u00bb16px\u00bb text_line_height=\u00bb1.8em\u00bb link_text_color=\u00bb#0047ff\u00bb ul_line_height=\u00bb1.8em\u00bb ol_line_height=\u00bb1.8em\u00bb quote_font=\u00bbUrbanist||||||||\u00bb quote_text_color=\u00bb#0047ff\u00bb quote_font_size=\u00bb24px\u00bb quote_line_height=\u00bb1.3em\u00bb header_font=\u00bbUrbanist||||||||\u00bb header_font_size=\u00bb72px\u00bb header_line_height=\u00bb1.1em\u00bb header_2_font=\u00bbUrbanist||||||||\u00bb header_2_font_size=\u00bb52px\u00bb header_2_line_height=\u00bb1.2em\u00bb header_3_font=\u00bbUrbanist||||||||\u00bb header_3_font_size=\u00bb36px\u00bb header_3_line_height=\u00bb1.2em\u00bb header_4_font=\u00bbUrbanist||||||||\u00bb header_4_font_size=\u00bb24px\u00bb header_4_line_height=\u00bb1.3em\u00bb header_5_font=\u00bbUrbanist||||||||\u00bb header_5_font_size=\u00bb20px\u00bb header_5_line_height=\u00bb1.4em\u00bb header_6_font=\u00bbUrbanist||||||||\u00bb header_6_font_size=\u00bb16px\u00bb header_6_line_height=\u00bb1.4em\u00bb custom_margin=\u00bb||10px||false|false\u00bb text_font_size_tablet=\u00bb15px\u00bb text_font_size_phone=\u00bb14px\u00bb text_font_size_last_edited=\u00bbon|desktop\u00bb quote_font_size_tablet=\u00bb20px\u00bb quote_font_size_phone=\u00bb16px\u00bb quote_font_size_last_edited=\u00bbon|desktop\u00bb header_font_size_tablet=\u00bb40px\u00bb header_font_size_phone=\u00bb24px\u00bb header_font_size_last_edited=\u00bbon|desktop\u00bb header_2_font_size_tablet=\u00bb32px\u00bb header_2_font_size_phone=\u00bb20px\u00bb header_2_font_size_last_edited=\u00bbon|desktop\u00bb header_3_font_size_tablet=\u00bb24px\u00bb header_3_font_size_phone=\u00bb18px\u00bb header_3_font_size_last_edited=\u00bbon|desktop\u00bb header_4_font_size_tablet=\u00bb20px\u00bb header_4_font_size_phone=\u00bb16px\u00bb header_4_font_size_last_edited=\u00bbon|desktop\u00bb header_5_font_size_tablet=\u00bb18px\u00bb header_5_font_size_phone=\u00bb15px\u00bb header_5_font_size_last_edited=\u00bbon|desktop\u00bb header_6_font_size_tablet=\u00bb15px\u00bb header_6_font_size_phone=\u00bb14px\u00bb header_6_font_size_last_edited=\u00bbon|desktop\u00bb global_colors_info=\u00bb{}\u00bb]<\/p>\n<p style=\"text-align: justify;\">Vive el Caribe Rom\u00e1ntico en Punta Cana con este programa todo incluido para 2 pasajeros. Disfruta de playas de ensue\u00f1o, d\u00edas de relax y noches m\u00e1gicas en un entorno paradis\u00edaco. Perfecto para parejas que buscan desconectar y vivir momentos inolvidables en el coraz\u00f3n del Caribe.<\/p>\n<p>[\/et_pb_text][et_pb_heading title=\u00bbCOTIZAR\u00bb _builder_version=\u00bb4.27.0&#8243; _module_preset=\u00bb_initial\u00bb title_level=\u00bbh4&#8243; title_font=\u00bbUrbanist|700||on|||||\u00bb title_text_color=\u00bbgcid-1f1b4e15-7cc6-4e13-8154-74d77a956460&#8243; title_font_size=\u00bb14px\u00bb title_letter_spacing=\u00bb0.2em\u00bb title_line_height=\u00bb1.6em\u00bb custom_margin=\u00bb||10px||false|false\u00bb title_font_size_tablet=\u00bb14px\u00bb title_font_size_phone=\u00bb13px\u00bb title_font_size_last_edited=\u00bbon|desktop\u00bb locked=\u00bboff\u00bb global_colors_info=\u00bb{%22gcid-1f1b4e15-7cc6-4e13-8154-74d77a956460%22:%91%22title_text_color%22%93}\u00bb][\/et_pb_heading][et_pb_button button_url=\u00bbhttps:\/\/travelonline.cl\/?product=caribe-romantico-punta-cana-todo-incluido\u00bb url_new_window=\u00bbon\u00bb button_text=\u00bbVer M\u00e1s\u00bb _builder_version=\u00bb4.27.0&#8243; _module_preset=\u00bb_initial\u00bb custom_button=\u00bbon\u00bb button_text_size=\u00bb14px\u00bb button_text_color=\u00bb#0047ff\u00bb button_bg_color=\u00bbRGBA(255,255,255,0)\u00bb button_border_color=\u00bb#0047ff\u00bb button_border_radius=\u00bb50px\u00bb button_letter_spacing=\u00bb0.16em\u00bb button_font=\u00bbInter|700||on|||||\u00bb button_icon=\u00bb&#x24;||divi||400&#8243; button_on_hover=\u00bboff\u00bb custom_padding=\u00bb16px|50px|16px|40px|true|false\u00bb global_colors_info=\u00bb{}\u00bb][\/et_pb_button][\/et_pb_column][\/et_pb_row][\/et_pb_section][et_pb_section fb_built=\u00bb1&#8243; admin_label=\u00bbSubscribe\u00bb _builder_version=\u00bb4.22.0&#8243; _module_preset=\u00bbdefault\u00bb saved_tabs=\u00bball\u00bb collapsed=\u00bbon\u00bb global_colors_info=\u00bb{}\u00bb][et_pb_row column_structure=\u00bb1_2,1_2&#8243; _builder_version=\u00bb4.27.0&#8243; _module_preset=\u00bbdefault\u00bb background_enable_color=\u00bboff\u00bb use_background_color_gradient=\u00bbon\u00bb background_color_gradient_direction=\u00bb90deg\u00bb background_color_gradient_stops=\u00bbrgba(0,0,0,0) 15%|#000000 15%\u00bb min_height=\u00bb400px\u00bb custom_margin=\u00bb||300px||false|false\u00bb custom_padding=\u00bb60px|60px|60px|60px|true|true\u00bb locked=\u00bboff\u00bb global_colors_info=\u00bb{}\u00bb][et_pb_column type=\u00bb1_2&#8243; _builder_version=\u00bb4.22.0&#8243; _module_preset=\u00bbdefault\u00bb custom_padding=\u00bb|120px|||false|false\u00bb global_colors_info=\u00bb{}\u00bb][et_pb_image src=\u00bbhttps:\/\/travelonline.cl\/wp-content\/uploads\/2024\/07\/la-palma-dubai-1.jpg\u00bb title_text=\u00bbla palma dubai\u00bb show_bottom_space=\u00bboff\u00bb align=\u00bbright\u00bb _builder_version=\u00bb4.26.0&#8243; _module_preset=\u00bbdefault\u00bb custom_margin=\u00bb|||-40%|false|false\u00bb global_colors_info=\u00bb{}\u00bb][\/et_pb_image][et_pb_divider show_divider=\u00bboff\u00bb _builder_version=\u00bb4.22.0&#8243; _module_preset=\u00bbdefault\u00bb background_color=\u00bbgcid-611a5e06-1945-46ed-921a-19456edf12f6&#8243; transform_translate=\u00bb100%|0px\u00bb transform_translate_linked=\u00bboff\u00bb position_origin_a=\u00bbbottom_right\u00bb width=\u00bb120px\u00bb module_alignment=\u00bbright\u00bb height=\u00bb120px\u00bb custom_margin=\u00bb||-250px||false|false\u00bb custom_margin_tablet=\u00bb||-30px||false|false\u00bb custom_margin_last_edited=\u00bboff|desktop\u00bb global_colors_info=\u00bb{%22gcid-611a5e06-1945-46ed-921a-19456edf12f6%22:%91%22background_color%22%93}\u00bb][\/et_pb_divider][\/et_pb_column][et_pb_column type=\u00bb1_2&#8243; _builder_version=\u00bb4.22.0&#8243; _module_preset=\u00bbdefault\u00bb custom_padding_tablet=\u00bb30px|30px|30px||true|false\u00bb custom_padding_phone=\u00bb20px|20px|20px||true|false\u00bb custom_padding_last_edited=\u00bbon|phone\u00bb global_colors_info=\u00bb{}\u00bb][et_pb_text _builder_version=\u00bb4.22.0&#8243; _module_preset=\u00bb974bf3c4-2ec3-4d8c-8321-41b22dc79358&#8243; header_2_text_color=\u00bb#FFFFFF\u00bb width=\u00bb99.3%\u00bb custom_margin=\u00bb||10px||false|false\u00bb global_colors_info=\u00bb{}\u00bb]<\/p>\n<h2>Planifica tu siguiente aventura\u00a0<\/h2>\n<p>[\/et_pb_text][et_pb_text _builder_version=\u00bb4.27.0&#8243; _module_preset=\u00bb4a521774-4688-4d54-8da6-622173880eb5&#8243; text_text_color=\u00bb#FFFFFF\u00bb global_colors_info=\u00bb{}\u00bb]<\/p>\n<p>Recibe ofertas y descuentos exclusivos del mes en tu correo.<\/p>\n<p>[\/et_pb_text][et_pb_signup mailchimp_list=\u00bbundefined|elegantthemestest|1ea2bbd026&#8243; first_name_field=\u00bboff\u00bb last_name_field=\u00bboff\u00bb _builder_version=\u00bb4.27.0&#8243; _module_preset=\u00bb06278230-a1ee-4e15-9d4b-cbb5ee3659b6&#8243; body_font_size=\u00bb11px\u00bb button_text_size=\u00bb17px\u00bb button_use_icon=\u00bboff\u00bb text_orientation=\u00bbcenter\u00bb locked=\u00bboff\u00bb global_colors_info=\u00bb{}\u00bb][\/et_pb_signup][\/et_pb_column][\/et_pb_row][\/et_pb_section]<\/p>\n","protected":false},"excerpt":{"rendered":"<p>EUROPAASIAMEDIO ORIENTEAM\u00c9RICAMIXTOSUn destino vibrante que sorprende con arquitectura ic\u00f3nica, experiencias de lujo, cultura \u00e1rabe, desierto infinito y playas espectaculares. Dub\u00e1i es sin\u00f3nimo de innovaci\u00f3n, exclusividad y viajes inolvidables.Europa cautiva con su diversidad de pa\u00edses, ciudades ic\u00f3nicas y siglos de historia. Arte, gastronom\u00eda, paisajes y tradiciones se combinan para crear viajes \u00fanicos en cada destino.Turqu\u00eda sorprende [&hellip;]<\/p>\n","protected":false},"author":2,"featured_media":0,"parent":0,"menu_order":0,"comment_status":"closed","ping_status":"closed","template":"","meta":{"_et_pb_use_builder":"on","_et_pb_old_content":"","_et_gb_content_width":"","footnotes":""},"class_list":["post-764","page","type-page","status-publish","hentry"],"jetpack_sharing_enabled":true,"_links":{"self":[{"href":"https:\/\/travelonline.cl\/index.php?rest_route=\/wp\/v2\/pages\/764","targetHints":{"allow":["GET"]}}],"collection":[{"href":"https:\/\/travelonline.cl\/index.php?rest_route=\/wp\/v2\/pages"}],"about":[{"href":"https:\/\/travelonline.cl\/index.php?rest_route=\/wp\/v2\/types\/page"}],"author":[{"embeddable":true,"href":"https:\/\/travelonline.cl\/index.php?rest_route=\/wp\/v2\/users\/2"}],"replies":[{"embeddable":true,"href":"https:\/\/travelonline.cl\/index.php?rest_route=%2Fwp%2Fv2%2Fcomments&post=764"}],"version-history":[{"count":130,"href":"https:\/\/travelonline.cl\/index.php?rest_route=\/wp\/v2\/pages\/764\/revisions"}],"predecessor-version":[{"id":4547,"href":"https:\/\/travelonline.cl\/index.php?rest_route=\/wp\/v2\/pages\/764\/revisions\/4547"}],"wp:attachment":[{"href":"https:\/\/travelonline.cl\/index.php?rest_route=%2Fwp%2Fv2%2Fmedia&parent=764"}],"curies":[{"name":"wp","href":"https:\/\/api.w.org\/{rel}","templated":true}]}}